{"id":540,"date":"2018-05-09T11:40:55","date_gmt":"2018-05-09T09:40:55","guid":{"rendered":"https:\/\/www.bebvillacarrara.it\/home\/"},"modified":"2022-12-29T16:03:25","modified_gmt":"2022-12-29T15:03:25","slug":"home","status":"publish","type":"page","link":"https:\/\/www.bebvillacarrara.it\/fr\/","title":{"rendered":"Home"},"content":{"rendered":"<div class=\"wpb-content-wrapper\"><p>[vc_row full_width=\u00a0\u00bbstretch_row_content_no_spaces\u00a0\u00bb el_id=\u00a0\u00bbheader\u00a0\u00bb][vc_column offset=\u00a0\u00bbvc_hidden-md vc_hidden-sm vc_hidden-xs\u00a0\u00bb]\n\t\t\t<div class=\"hero-header\">\n\t\t\t\t<div class=\"flex-container-wrapper\">\n\t\t\t\t\t<div class=\"header-content\">\n\t\t\t\t\t\t<div class=\"overlay\"><\/div>\n\t\t\t\t\t\t<div id=\"header-90sod123jkk0-sliding\" class=\"carousel slide\" data-ride=\"carousel\" data-interval=\"4000\">\n\t\t\t\t\t\t\t<div class=\"carousel-inner\" role=\"listbox\"><div class=\"item active\"  style=\"background-image: url(https:\/\/www.bebvillacarrara.it\/wp-content\/uploads\/2017\/12\/header-background-1-1-1.jpg);\"><\/div><\/div>\n\t\t\t\t\t\t<\/div>\n\n\n\t\t\t\t\t\t<div class=\"content-overlay \">\n\t\t\t\t\t\t\t<div class=\"container\">\n\t\t\t\t\t\t\t\t<div class=\"row\">\n\t\t\t\t\t\t\t\t\t<div class=\"col-md-12\">\n\t\t\t\t\t\t\t\t\t\t<h1>R\u00e9servez ici&nbsp;<\/h1>\n\t\t\t\t\t\t\t\t\t\t<p>Connectez-vous ici et r\u00e9servez votre s\u00e9jour<\/p>\n\t\t\t\t\t\t\t\t\t<\/div><div class=\"form-container col-sm-12\"><a id=\"RoomRaccoonButton1-it\" style=\"top: 60px;\" href=\"https:\/\/book.octorate.com\/octobook\/site\/reservation\/calendar.xhtml?codice=748885&amp;lang=IT&amp;room=482175\" target=\"_blank\" rel=\"noopener noreferrer\">R\u00e9server<\/a><\/div><\/div>\n\t\t\t\t\t\t\t<\/div>\n\t\t\t\t\t\t<\/div>\n\n\t\t\t\t\t<\/div>\n\t\t\t\t<\/div>\n\t\t\t<\/div>\n\t\t[\/vc_column][\/vc_row][vc_row full_width=\u00a0\u00bbstretch_row_content_no_spaces\u00a0\u00bb css=\u00a0\u00bb.vc_custom_1515670121084{padding-bottom: 100px !important;}\u00a0\u00bb][vc_column offset=\u00a0\u00bbvc_hidden-lg\u00a0\u00bb][vc_single_image image=\u00a0\u00bb329&Prime; img_size=\u00a0\u00bbfull\u00a0\u00bb alignment=\u00a0\u00bbcenter\u00a0\u00bb][vc_empty_space height=\u00a0\u00bb15px\u00a0\u00bb]<div class=\"section-heading text-center \" style=\" padding-bottom: 10px; \">\n\t\t\t<p class=\"above-header\">Prenotazioni<\/p>\n\t\t\t<h2>Prenota qui<\/h2><\/div>[vc_column_text]<\/p>\n<p style=\"text-align:center;\"><a id=\"RoomRaccoonButton1-it-mobile\" href=\"https:\/\/book.octorate.com\/octobook\/site\/reservation\/calendar.xhtml?codice=748885&amp;lang=FR&amp;room=482175\" target=\"_blank\" rel=\"noopener noreferrer\">R\u00e9server<\/a><\/p>\n<p>[\/vc_column_text][\/vc_column][\/vc_row][vc_row full_width=\u00a0\u00bbstretch_row\u00a0\u00bb parallax=\u00a0\u00bbcontent-moving\u00a0\u00bb css=\u00a0\u00bb.vc_custom_1512735758954{padding-top: 50px !important;padding-bottom: 90px !important;background-color: #f4f4f4 !important;}\u00a0\u00bb el_id=\u00a0\u00bbchi-siamo\u00a0\u00bb][vc_column]<div class=\"section-heading text-center \">\n\t\t\t<p class=\"above-header\">Chi siamo<\/p>\n\t\t\t<h2>B&amp;B Villa Carrara<\/h2><\/div>[vc_row_inner][vc_column_inner width=\u00a0\u00bb1\/6&Prime;][\/vc_column_inner][vc_column_inner width=\u00a0\u00bb2\/3&Prime;][vc_column_text]<br \/>\nLa <strong>Villa Carrara B &amp; B<\/strong>, r\u00e9cemment ouverte, situ\u00e9e Via Posidonia 164 dans le quartier Pastena de Salerno, b\u00e9n\u00e9ficie d&rsquo;une position enviable \u00e0 quelques pas du centre et des rues commer\u00e7antes, de la mer et des \u00e9tablissements baln\u00e9aires. En outre, gr\u00e2ce \u00e0 la proximit\u00e9 de la <strong>station de m\u00e9tro<\/strong> et des arr\u00eats de <strong>bus urbains et suburbains<\/strong>, d&rsquo;autres destinations touristiques facilement accessibles encadrent la ville de Salerne, comme le <strong>Cilento et la c\u00f4te amalfitaine, Paestum, les \u00eeles de Capri et Ischia.<\/strong><\/p>\n<p>Notre B &amp; B est une <strong>maison intelligente<\/strong> moderne. Con\u00e7u dans les moindres d\u00e9tails, il dispose d&rsquo;un syst\u00e8me <strong>domotique<\/strong> int\u00e9gr\u00e9 pour am\u00e9liorer le confort et la s\u00e9curit\u00e9 des clients et r\u00e9duire la consommation d&rsquo;\u00e9nergie et l&rsquo;impact sur l&rsquo;environnement.<\/p>\n<p>Le B &amp; B Villa Carrara, immerg\u00e9 dans le c\u0153ur de Salerne, la ville de la mer, la bonne nourriture et le c\u00e9l\u00e8bre \u00ab\u00a0<strong>Luci D&rsquo;Artista<\/strong>\u00ab\u00a0, tire son nom de la <em><strong>Villa Carrara<\/strong><\/em> adjacente, prestigieuse r\u00e9sidence noble construite au XVIIIe si\u00e8cle par la famille Carrara. Villa Carrara est l&rsquo;une des nombreuses beaut\u00e9s historiques et architecturales de la ville de Salerne, c\u00e9l\u00e8bre pour avoir accueilli plusieurs fois Charles III d&rsquo;Espagne, alors roi de Naples et de Sicile, comme l&rsquo;a \u00e9galement dit Giacomo Casanova dans ses \u0153uvres.<br \/>\n[\/vc_column_text][\/vc_column_inner][vc_column_inner width=\u00a0\u00bb1\/6&Prime;][\/vc_column_inner][\/vc_row_inner]<div class=\"swiper-container carousel-gallery\">\n\t\t\t<div class=\"swiper-wrapper\"><div class=\"swiper-slide\">\n\t\t\t\t\t<a href=\"https:\/\/www.bebvillacarrara.it\/wp-content\/uploads\/2018\/08\/D4B_2557.jpg\" class=\"popup-link\" data-effect=\"fadeIn\">\n\t\t\t\t\t\t<div class=\"image-container\">\n\t\t\t\t\t\t\t<img decoding=\"async\" class=\"img-responsive\" src=\"https:\/\/www.bebvillacarrara.it\/wp-content\/uploads\/2018\/08\/D4B_2557-365x230.jpg\" alt=\"\">\n\t\t\t\t\t\t<\/div>\n\t\t\t\t\t<\/a>\n\t\t\t\t<\/div><div class=\"swiper-slide\">\n\t\t\t\t\t<a href=\"https:\/\/www.bebvillacarrara.it\/wp-content\/uploads\/2018\/08\/D4B_2497.jpg\" class=\"popup-link\" data-effect=\"fadeIn\">\n\t\t\t\t\t\t<div class=\"image-container\">\n\t\t\t\t\t\t\t<img decoding=\"async\" class=\"img-responsive\" src=\"https:\/\/www.bebvillacarrara.it\/wp-content\/uploads\/2018\/08\/D4B_2497-365x230.jpg\" alt=\"\">\n\t\t\t\t\t\t<\/div>\n\t\t\t\t\t<\/a>\n\t\t\t\t<\/div><div class=\"swiper-slide\">\n\t\t\t\t\t<a href=\"https:\/\/www.bebvillacarrara.it\/wp-content\/uploads\/2018\/08\/D4B_2499.jpg\" class=\"popup-link\" data-effect=\"fadeIn\">\n\t\t\t\t\t\t<div class=\"image-container\">\n\t\t\t\t\t\t\t<img decoding=\"async\" class=\"img-responsive\" src=\"https:\/\/www.bebvillacarrara.it\/wp-content\/uploads\/2018\/08\/D4B_2499-365x230.jpg\" alt=\"\">\n\t\t\t\t\t\t<\/div>\n\t\t\t\t\t<\/a>\n\t\t\t\t<\/div><div class=\"swiper-slide\">\n\t\t\t\t\t<a href=\"https:\/\/www.bebvillacarrara.it\/wp-content\/uploads\/2018\/08\/D4B_2493.jpg\" class=\"popup-link\" data-effect=\"fadeIn\">\n\t\t\t\t\t\t<div class=\"image-container\">\n\t\t\t\t\t\t\t<img decoding=\"async\" class=\"img-responsive\" src=\"https:\/\/www.bebvillacarrara.it\/wp-content\/uploads\/2018\/08\/D4B_2493-365x230.jpg\" alt=\"\">\n\t\t\t\t\t\t<\/div>\n\t\t\t\t\t<\/a>\n\t\t\t\t<\/div><div class=\"swiper-slide\">\n\t\t\t\t\t<a href=\"https:\/\/www.bebvillacarrara.it\/wp-content\/uploads\/2018\/08\/D4B_2480.jpg\" class=\"popup-link\" data-effect=\"fadeIn\">\n\t\t\t\t\t\t<div class=\"image-container\">\n\t\t\t\t\t\t\t<img decoding=\"async\" class=\"img-responsive\" src=\"https:\/\/www.bebvillacarrara.it\/wp-content\/uploads\/2018\/08\/D4B_2480-365x230.jpg\" alt=\"\">\n\t\t\t\t\t\t<\/div>\n\t\t\t\t\t<\/a>\n\t\t\t\t<\/div><div class=\"swiper-slide\">\n\t\t\t\t\t<a href=\"https:\/\/www.bebvillacarrara.it\/wp-content\/uploads\/2018\/08\/D4B_2485.jpg\" class=\"popup-link\" data-effect=\"fadeIn\">\n\t\t\t\t\t\t<div class=\"image-container\">\n\t\t\t\t\t\t\t<img decoding=\"async\" class=\"img-responsive\" src=\"https:\/\/www.bebvillacarrara.it\/wp-content\/uploads\/2018\/08\/D4B_2485-365x230.jpg\" alt=\"\">\n\t\t\t\t\t\t<\/div>\n\t\t\t\t\t<\/a>\n\t\t\t\t<\/div><div class=\"swiper-slide\">\n\t\t\t\t\t<a href=\"https:\/\/www.bebvillacarrara.it\/wp-content\/uploads\/2018\/08\/D4B_2489.jpg\" class=\"popup-link\" data-effect=\"fadeIn\">\n\t\t\t\t\t\t<div class=\"image-container\">\n\t\t\t\t\t\t\t<img decoding=\"async\" class=\"img-responsive\" src=\"https:\/\/www.bebvillacarrara.it\/wp-content\/uploads\/2018\/08\/D4B_2489-365x230.jpg\" alt=\"\">\n\t\t\t\t\t\t<\/div>\n\t\t\t\t\t<\/a>\n\t\t\t\t<\/div><div class=\"swiper-slide\">\n\t\t\t\t\t<a href=\"https:\/\/www.bebvillacarrara.it\/wp-content\/uploads\/2018\/08\/D4B_2510.jpg\" class=\"popup-link\" data-effect=\"fadeIn\">\n\t\t\t\t\t\t<div class=\"image-container\">\n\t\t\t\t\t\t\t<img decoding=\"async\" class=\"img-responsive\" src=\"https:\/\/www.bebvillacarrara.it\/wp-content\/uploads\/2018\/08\/D4B_2510-365x230.jpg\" alt=\"\">\n\t\t\t\t\t\t<\/div>\n\t\t\t\t\t<\/a>\n\t\t\t\t<\/div><div class=\"swiper-slide\">\n\t\t\t\t\t<a href=\"https:\/\/www.bebvillacarrara.it\/wp-content\/uploads\/2018\/08\/D4B_2472.jpg\" class=\"popup-link\" data-effect=\"fadeIn\">\n\t\t\t\t\t\t<div class=\"image-container\">\n\t\t\t\t\t\t\t<img decoding=\"async\" class=\"img-responsive\" src=\"https:\/\/www.bebvillacarrara.it\/wp-content\/uploads\/2018\/08\/D4B_2472-365x230.jpg\" alt=\"\">\n\t\t\t\t\t\t<\/div>\n\t\t\t\t\t<\/a>\n\t\t\t\t<\/div><div class=\"swiper-slide\">\n\t\t\t\t\t<a href=\"https:\/\/www.bebvillacarrara.it\/wp-content\/uploads\/2018\/08\/BAGNO-BELLAVISTA.jpg\" class=\"popup-link\" data-effect=\"fadeIn\">\n\t\t\t\t\t\t<div class=\"image-container\">\n\t\t\t\t\t\t\t<img decoding=\"async\" class=\"img-responsive\" src=\"https:\/\/www.bebvillacarrara.it\/wp-content\/uploads\/2018\/08\/BAGNO-BELLAVISTA-365x230.jpg\" alt=\"\">\n\t\t\t\t\t\t<\/div>\n\t\t\t\t\t<\/a>\n\t\t\t\t<\/div><div class=\"swiper-slide\">\n\t\t\t\t\t<a href=\"https:\/\/www.bebvillacarrara.it\/wp-content\/uploads\/2018\/08\/D4B_2461.jpg\" class=\"popup-link\" data-effect=\"fadeIn\">\n\t\t\t\t\t\t<div class=\"image-container\">\n\t\t\t\t\t\t\t<img decoding=\"async\" class=\"img-responsive\" src=\"https:\/\/www.bebvillacarrara.it\/wp-content\/uploads\/2018\/08\/D4B_2461-365x230.jpg\" alt=\"\">\n\t\t\t\t\t\t<\/div>\n\t\t\t\t\t<\/a>\n\t\t\t\t<\/div><div class=\"swiper-slide\">\n\t\t\t\t\t<a href=\"https:\/\/www.bebvillacarrara.it\/wp-content\/uploads\/2018\/08\/D4B_2465.jpg\" class=\"popup-link\" data-effect=\"fadeIn\">\n\t\t\t\t\t\t<div class=\"image-container\">\n\t\t\t\t\t\t\t<img decoding=\"async\" class=\"img-responsive\" src=\"https:\/\/www.bebvillacarrara.it\/wp-content\/uploads\/2018\/08\/D4B_2465-365x230.jpg\" alt=\"\">\n\t\t\t\t\t\t<\/div>\n\t\t\t\t\t<\/a>\n\t\t\t\t<\/div><div class=\"swiper-slide\">\n\t\t\t\t\t<a href=\"https:\/\/www.bebvillacarrara.it\/wp-content\/uploads\/2018\/08\/D4B_2467.jpg\" class=\"popup-link\" data-effect=\"fadeIn\">\n\t\t\t\t\t\t<div class=\"image-container\">\n\t\t\t\t\t\t\t<img decoding=\"async\" class=\"img-responsive\" src=\"https:\/\/www.bebvillacarrara.it\/wp-content\/uploads\/2018\/08\/D4B_2467-365x230.jpg\" alt=\"\">\n\t\t\t\t\t\t<\/div>\n\t\t\t\t\t<\/a>\n\t\t\t\t<\/div><div class=\"swiper-slide\">\n\t\t\t\t\t<a href=\"https:\/\/www.bebvillacarrara.it\/wp-content\/uploads\/2019\/08\/camera-amalfi-2.jpg\" class=\"popup-link\" data-effect=\"fadeIn\">\n\t\t\t\t\t\t<div class=\"image-container\">\n\t\t\t\t\t\t\t<img decoding=\"async\" class=\"img-responsive\" src=\"https:\/\/www.bebvillacarrara.it\/wp-content\/uploads\/2019\/08\/camera-amalfi-2-365x230.jpg\" alt=\"\">\n\t\t\t\t\t\t<\/div>\n\t\t\t\t\t<\/a>\n\t\t\t\t<\/div><div class=\"swiper-slide\">\n\t\t\t\t\t<a href=\"https:\/\/www.bebvillacarrara.it\/wp-content\/uploads\/2019\/08\/camera-amalfi-3.jpg\" class=\"popup-link\" data-effect=\"fadeIn\">\n\t\t\t\t\t\t<div class=\"image-container\">\n\t\t\t\t\t\t\t<img decoding=\"async\" class=\"img-responsive\" src=\"https:\/\/www.bebvillacarrara.it\/wp-content\/uploads\/2019\/08\/camera-amalfi-3-365x230.jpg\" alt=\"\">\n\t\t\t\t\t\t<\/div>\n\t\t\t\t\t<\/a>\n\t\t\t\t<\/div><div class=\"swiper-slide\">\n\t\t\t\t\t<a href=\"https:\/\/www.bebvillacarrara.it\/wp-content\/uploads\/2019\/08\/camera-amalfi-1.jpg\" class=\"popup-link\" data-effect=\"fadeIn\">\n\t\t\t\t\t\t<div class=\"image-container\">\n\t\t\t\t\t\t\t<img decoding=\"async\" class=\"img-responsive\" src=\"https:\/\/www.bebvillacarrara.it\/wp-content\/uploads\/2019\/08\/camera-amalfi-1-365x230.jpg\" alt=\"\">\n\t\t\t\t\t\t<\/div>\n\t\t\t\t\t<\/a>\n\t\t\t\t<\/div><div class=\"swiper-slide\">\n\t\t\t\t\t<a href=\"https:\/\/www.bebvillacarrara.it\/wp-content\/uploads\/2019\/08\/camera-amalfi-1-1.jpg\" class=\"popup-link\" data-effect=\"fadeIn\">\n\t\t\t\t\t\t<div class=\"image-container\">\n\t\t\t\t\t\t\t<img decoding=\"async\" class=\"img-responsive\" src=\"https:\/\/www.bebvillacarrara.it\/wp-content\/uploads\/2019\/08\/camera-amalfi-1-1-365x230.jpg\" alt=\"\">\n\t\t\t\t\t\t<\/div>\n\t\t\t\t\t<\/a>\n\t\t\t\t<\/div>\n\t\t\t<\/div>\n\t\t\t<!-- Add Arrows -->\n\t\t\t<div class=\"swiper-button-prev\"><i class=\"fa fa-angle-left\"><\/i><\/div>\n\t\t\t<div class=\"swiper-button-next\"><i class=\"fa fa-angle-right\"><\/i><\/div>\n\t\t<\/div>[\/vc_column][\/vc_row][vc_row css=\u00a0\u00bb.vc_custom_1511454655135{padding-top: 50px !important;padding-bottom: 90px !important;}\u00a0\u00bb el_id=\u00a0\u00bbcamere\u00a0\u00bb][vc_column]<div class=\"section-heading text-center \" style=\" padding-bottom: 10px; \">\n\t\t\t<p class=\"above-header\">Le camere<\/p>\n\t\t\t<h2>Comfort &amp; Relax<\/h2><p>Tutte le nostre camere dispongo dei seguenti servizi:<\/p><\/div>[vc_row_inner][vc_column_inner width=\u00a0\u00bb1\/6&Prime;][\/vc_column_inner][vc_column_inner width=\u00a0\u00bb2\/3&Prime;][vc_column_text]<br \/>\nVilla Carrara B &amp; B se compose de quatre chambres \u00e9quip\u00e9es de tout le confort, une salle \u00e0 <strong>manger \/ petit-d\u00e9jeuner<\/strong> et des vues sur le front de mer de Salerne.<\/p>\n<p>Les chambres spacieuses de la Villa Carrara, r\u00e9cemment r\u00e9nov\u00e9es, sont meubl\u00e9es dans un style moderne pour offrir aux clients un maximum de d\u00e9tente. Toutes les chambres sont \u00e9quip\u00e9es de <strong>climatisation avec syst\u00e8me de vent, Smart TV, coffre-fort, minibar, Wi-Fi, salle de bain priv\u00e9e et serrures \u00e9lectriques.<\/strong> Une vraie maison intelligente con\u00e7ue d&rsquo;un c\u00f4t\u00e9, pour le bien-\u00eatre des invit\u00e9s, et de l&rsquo;autre pour r\u00e9duire la consommation et prot\u00e9ger l&rsquo;environnement.<\/p>\n<ul>\n<li>Climatisation<\/li>\n<li>Barre de frigo<\/li>\n<li>Place de parking<\/li>\n<li>Smart TV<\/li>\n<li>Wifi<\/li>\n<\/ul>\n<p>[\/vc_column_text][\/vc_column_inner][vc_column_inner width=\u00a0\u00bb1\/6&Prime;][\/vc_column_inner][\/vc_row_inner][\/vc_column][\/vc_row][vc_row full_width=\u00a0\u00bbstretch_row_content_no_spaces\u00a0\u00bb css=\u00a0\u00bb.vc_custom_1564746168051{padding-right: 25px !important;padding-left: 25px !important;}\u00a0\u00bb][vc_column]<ul class=\"room-facilities text-center list-unstyled list-inline\"><li>Climatisation<\/li><li>Espace de stationnement<\/li><li>Frigo Bar<\/li><li>Smart TV<\/li><li>Wi-Fi<\/li><\/ul><div class=\"row\"><div class=\"col-sm-4 rooms-container \">\n\t\t\t\t\t<div class=\"text-center\">\n\t\t\t\t\t\t<a class=\"popup-with-move-anim\" href=\"#room-info\" data-url=\"https:\/\/www.bebvillacarrara.it\/fr\/room\/amalfi\/\">\n\t\t\t\t\t\t\t<div class=\"image-container\"><img loading=\"lazy\" decoding=\"async\" width=\"640\" height=\"427\" src=\"https:\/\/www.bebvillacarrara.it\/wp-content\/uploads\/2019\/08\/camera-amalfi-1024x683.jpg\" class=\"img-responsive wp-post-image\" alt=\"Amalfi\" srcset=\"https:\/\/www.bebvillacarrara.it\/wp-content\/uploads\/2019\/08\/camera-amalfi-1024x683.jpg 1024w, https:\/\/www.bebvillacarrara.it\/wp-content\/uploads\/2019\/08\/camera-amalfi-300x200.jpg 300w, https:\/\/www.bebvillacarrara.it\/wp-content\/uploads\/2019\/08\/camera-amalfi-768x512.jpg 768w, https:\/\/www.bebvillacarrara.it\/wp-content\/uploads\/2019\/08\/camera-amalfi.jpg 1200w\" sizes=\"auto, (max-width: 640px) 100vw, 640px\" \/><\/div>\n\t\t\t\t\t\t<\/a>\n\t\t\t\t\t\t<h4>Amalfi<\/h4>\n\t\t\t\t\t\t<div class=\"post-content\"><p>La chambre Amalfi est une chambre double spacieuse et confortable, meubl\u00e9e dans un style moderne avec une armoire, un bureau, un mini r\u00e9frig\u00e9rateur, une t\u00e9l\u00e9vision connect\u00e9e, une connexion Wi-Fi gratuite et la climatisation avec syst\u00e8me anti-vent.<\/p>\n<\/div>\n\t                   \t<a class=\"button rml_bttn outline popup-with-move-anim\" href=\"#room-info\" data-id=\"865\" data-url=\"https:\/\/www.bebvillacarrara.it\/fr\/room\/amalfi\/\">D\u00e9tails<\/a>\n\t\t\t\t\t<\/div>\n\t\t\t\t<\/div><div class=\"col-sm-4 rooms-container \">\n\t\t\t\t\t<div class=\"text-center\">\n\t\t\t\t\t\t<a class=\"popup-with-move-anim\" href=\"#room-info\" data-url=\"https:\/\/www.bebvillacarrara.it\/fr\/room\/colombo\/\">\n\t\t\t\t\t\t\t<div class=\"image-container\"><img loading=\"lazy\" decoding=\"async\" width=\"640\" height=\"426\" src=\"https:\/\/www.bebvillacarrara.it\/wp-content\/uploads\/2018\/05\/D4B_2489-1024x682.jpg\" class=\"img-responsive wp-post-image\" alt=\"Colombo\" srcset=\"https:\/\/www.bebvillacarrara.it\/wp-content\/uploads\/2018\/05\/D4B_2489-1024x682.jpg 1024w, https:\/\/www.bebvillacarrara.it\/wp-content\/uploads\/2018\/05\/D4B_2489-300x200.jpg 300w, https:\/\/www.bebvillacarrara.it\/wp-content\/uploads\/2018\/05\/D4B_2489-768x511.jpg 768w, https:\/\/www.bebvillacarrara.it\/wp-content\/uploads\/2018\/05\/D4B_2489.jpg 1200w\" sizes=\"auto, (max-width: 640px) 100vw, 640px\" \/><\/div>\n\t\t\t\t\t\t<\/a>\n\t\t\t\t\t\t<h4>Colombo<\/h4>\n\t\t\t\t\t\t<div class=\"post-content\"><p>La chambre est meubl\u00e9e dans un style moderne avec armoire, bureau, smart TV, wifi gratuit et air conditionn\u00e9 avec un syst\u00e8me de vent gratuit.<\/p>\n<\/div>\n\t                   \t<a class=\"button rml_bttn outline popup-with-move-anim\" href=\"#room-info\" data-id=\"619\" data-url=\"https:\/\/www.bebvillacarrara.it\/fr\/room\/colombo\/\">D\u00e9tails<\/a>\n\t\t\t\t\t<\/div>\n\t\t\t\t<\/div><div class=\"col-sm-4 rooms-container \">\n\t\t\t\t\t<div class=\"text-center\">\n\t\t\t\t\t\t<a class=\"popup-with-move-anim\" href=\"#room-info\" data-url=\"https:\/\/www.bebvillacarrara.it\/fr\/room\/bellavista\/\">\n\t\t\t\t\t\t\t<div class=\"image-container\"><img loading=\"lazy\" decoding=\"async\" width=\"640\" height=\"426\" src=\"https:\/\/www.bebvillacarrara.it\/wp-content\/uploads\/2018\/05\/D4B_2465-1024x682.jpg\" class=\"img-responsive wp-post-image\" alt=\"Bellavista\" srcset=\"https:\/\/www.bebvillacarrara.it\/wp-content\/uploads\/2018\/05\/D4B_2465-1024x682.jpg 1024w, https:\/\/www.bebvillacarrara.it\/wp-content\/uploads\/2018\/05\/D4B_2465-300x200.jpg 300w, https:\/\/www.bebvillacarrara.it\/wp-content\/uploads\/2018\/05\/D4B_2465-768x511.jpg 768w, https:\/\/www.bebvillacarrara.it\/wp-content\/uploads\/2018\/05\/D4B_2465.jpg 1200w\" sizes=\"auto, (max-width: 640px) 100vw, 640px\" \/><\/div>\n\t\t\t\t\t\t<\/a>\n\t\t\t\t\t\t<h4>Bellavista<\/h4>\n\t\t\t\t\t\t<div class=\"post-content\"><p>Bella Vista est meubl\u00e9e dans un style moderne avec une armoire, un bureau, une t\u00e9l\u00e9vision connect\u00e9e, le wifi gratuit et la climatisation avec un syst\u00e8me de vent gratuit.<\/p>\n<\/div>\n\t                   \t<a class=\"button rml_bttn outline popup-with-move-anim\" href=\"#room-info\" data-id=\"615\" data-url=\"https:\/\/www.bebvillacarrara.it\/fr\/room\/bellavista\/\">D\u00e9tails<\/a>\n\t\t\t\t\t<\/div>\n\t\t\t\t<\/div><div class=\"col-sm-4 rooms-container \">\n\t\t\t\t\t<div class=\"text-center\">\n\t\t\t\t\t\t<a class=\"popup-with-move-anim\" href=\"#room-info\" data-url=\"https:\/\/www.bebvillacarrara.it\/fr\/room\/posidonia\/\">\n\t\t\t\t\t\t\t<div class=\"image-container\"><img loading=\"lazy\" decoding=\"async\" width=\"640\" height=\"426\" src=\"https:\/\/www.bebvillacarrara.it\/wp-content\/uploads\/2018\/05\/D4B_2497-1024x682.jpg\" class=\"img-responsive wp-post-image\" alt=\"Posidonia\" srcset=\"https:\/\/www.bebvillacarrara.it\/wp-content\/uploads\/2018\/05\/D4B_2497-1024x682.jpg 1024w, https:\/\/www.bebvillacarrara.it\/wp-content\/uploads\/2018\/05\/D4B_2497-300x200.jpg 300w, https:\/\/www.bebvillacarrara.it\/wp-content\/uploads\/2018\/05\/D4B_2497-768x511.jpg 768w, https:\/\/www.bebvillacarrara.it\/wp-content\/uploads\/2018\/05\/D4B_2497.jpg 1200w\" sizes=\"auto, (max-width: 640px) 100vw, 640px\" \/><\/div>\n\t\t\t\t\t\t<\/a>\n\t\t\t\t\t\t<h4>Posidonia<\/h4>\n\t\t\t\t\t\t<div class=\"post-content\"><p>Posidonia est meubl\u00e9e dans un style moderne avec armoire, bureau, smart TV, avec wifi gratuit et air conditionn\u00e9 avec un syst\u00e8me de vent gratuit.<\/p>\n<\/div>\n\t                   \t<a class=\"button rml_bttn outline popup-with-move-anim\" href=\"#room-info\" data-id=\"612\" data-url=\"https:\/\/www.bebvillacarrara.it\/fr\/room\/posidonia\/\">D\u00e9tails<\/a>\n\t\t\t\t\t<\/div>\n\t\t\t\t<\/div><\/div><div id=\"room-info\" class=\"room-details-container zoom-anim-dialog mfp-hide\">\n\t\t\t<button title=\"Close (Esc)\" type=\"button\" class=\"mfp-close x-button \">x<\/button>\n\t\t\t<div class=\"loader\">Loading...<\/div>\n\t\t\t<div class=\" row content-wrapper\">\n\t\t\t\t<div class=\"col-md-8 content-left\"><\/div>\n\t\t\t\t<div class=\"col-md-4\">\n\t\t\t\t\t<div class=\"content-right\"><\/div>\n\t\t\t\t\t<div class=\"button outline mfp-close as-button\">Back<\/div>&nbsp; \n\t\t\t\t\t<div class=\"booking-button\"><\/div>\n\t\t\t\t<\/div>\n\t\t\t<\/div>\n\t\t<\/div>[\/vc_column][\/vc_row][vc_row full_width=\u00a0\u00bbstretch_row\u00a0\u00bb css=\u00a0\u00bb.vc_custom_1511455344222{padding-top: 50px !important;padding-bottom: 60px !important;background-color: #f4f4f4 !important;}\u00a0\u00bb el_id=\u00a0\u00bbattrazioni-turistiche\u00a0\u00bb][vc_column]<div class=\"section-heading text-center \">\n\t\t\t<p class=\"above-header\"><\/p>\n\t\t\t<h2>Attrazioni turistiche<\/h2><\/div>[vc_row_inner][vc_column_inner width=\u00a0\u00bb1\/3&Prime;][vc_single_image image=\u00a0\u00bb344&Prime; img_size=\u00a0\u00bbfull\u00a0\u00bb alignment=\u00a0\u00bbcenter\u00a0\u00bb][vc_column_text]<\/p>\n<h4><span class=\"highlight\">EXCAVATIONS D&rsquo;ERCOLANO ET POMPEI <\/span><\/h4>\n<p>Les <strong>fouilles d&rsquo;Herculanum et Pomp\u00e9i<\/strong> sont situ\u00e9es dans la province de Naples et sont c\u00e9l\u00e8bres dans le monde entier pour \u00eatre les seuls sites arch\u00e9ologiques \u00e0 donner au visiteur une description claire d&rsquo;une ville romaine. La parfaite conservation des<strong> fouilles d&rsquo;Herculanum et de Pomp\u00e9i<\/strong> est le r\u00e9sultat de la mani\u00e8re dont ils ont \u00e9t\u00e9 enterr\u00e9s. En fait, les tonnes de cendres, de ponces et de lapilli ont cr\u00e9\u00e9 une couche de plus de 6 m\u00e8tres qui a pr\u00e9serv\u00e9 le centre ancien de la pourriture. Visiter les fouilles de Pomp\u00e9i et Herculanum, c&rsquo;est comme revenir \u00e0 79 apr\u00e8s JC.<\/p>\n<p>Au cours des ann\u00e9es ont \u00e9t\u00e9 trouv\u00e9s plusieurs artefacts, des fresques, des mosa\u00efques, des statues et des objets de divers types actuellement conserv\u00e9s au <strong>Mus\u00e9e arch\u00e9ologique national de Naples.<\/strong><\/p>\n<p>&nbsp;[\/vc_column_text][\/vc_column_inner][vc_column_inner width=\u00a0\u00bb1\/3&Prime;][vc_single_image image=\u00a0\u00bb345&Prime; img_size=\u00a0\u00bbfull\u00a0\u00bb alignment=\u00a0\u00bbcenter\u00a0\u00bb][vc_column_text]<\/p>\n<h4><span class=\"highlight\">NAPOLI<\/span><\/h4>\n<p>Naples est une ville riche en histoire et en beaut\u00e9s architecturales, un v\u00e9ritable mus\u00e9e en plein air. Parmi les lieux de grande importance sont: le <strong>Maschio Angioino<\/strong> ou Castel Nuovo, historique ch\u00e2teau m\u00e9di\u00e9val et Renaissance, symbole de la ville; <strong>Castel dell&rsquo;Ovo<\/strong>, l&rsquo;un des plus anciens ch\u00e2teaux de Naples, accessible en marchant le long du <strong>front de mer de Caracciolo<\/strong>; <strong>Piazza del Plebiscito<\/strong> et le <strong>Palazzo Reale<\/strong> adjacent \u00e0 partir des ann\u00e9es 1600; Le <strong>th\u00e9\u00e2tre San Carlo<\/strong> est l&rsquo;un des plus prestigieux au monde et le <strong>mus\u00e9e de Capodimonte<\/strong>. Au coeur du centre historique de Naples, le Museo Cappella Sansevero, qui abrite le <strong>Christ Veiled<\/strong>, est l&rsquo;une des \u0153uvres les plus fascinantes au niveau international. Enfin, en visitant la ville, vous ne pouvez pas abandonner la visite dans le <strong>m\u00e9tro de Naples<\/strong>, la partie cach\u00e9e de la ville.[\/vc_column_text][\/vc_column_inner][vc_column_inner width=\u00a0\u00bb1\/3&Prime;][vc_single_image image=\u00a0\u00bb266&Prime; img_size=\u00a0\u00bbfull\u00a0\u00bb alignment=\u00a0\u00bbcenter\u00a0\u00bb][vc_column_text]<\/p>\n<h4><span class=\"highlight\">LUMI\u00c8RES DE L&rsquo;ARTISTE<\/span><\/h4>\n<p>Le c\u00e9l\u00e8bre Luci d&rsquo;Artista transforme la <strong>ville de Salern<\/strong>e, de novembre \u00e0 janvier, dans une ville enchant\u00e9e o\u00f9 vous pourrez respirer la magie de No\u00ebl.<\/p>\n<p>Les illuminations, le charmant arbre de <strong>Portanova<\/strong>, le \u00ab\u00a0Jardin Enchant\u00e9\u00a0\u00bb install\u00e9 \u00e0 l&rsquo;int\u00e9rieur de la Villa Comunale, les march\u00e9s de No\u00ebl de <strong>Lungomare Trieste<\/strong> et la Grande Roue font de Salerno une ville romantique pleine de charme capable de faire tomber les touristes du monde entier. amoureux chaque ann\u00e9e.<\/p>\n<p>&nbsp;[\/vc_column_text][\/vc_column_inner][\/vc_row_inner][vc_row_inner][vc_column_inner width=\u00a0\u00bb1\/3&Prime;][vc_single_image image=\u00a0\u00bb268&Prime; img_size=\u00a0\u00bbfull\u00a0\u00bb alignment=\u00a0\u00bbcenter\u00a0\u00bb][vc_column_text]<\/p>\n<h4><span class=\"highlight\">COTE D&rsquo;AMALFI<\/span><\/h4>\n<p>La perle de la <strong>c\u00f4te d&rsquo;Amalf<\/strong>i de la c\u00f4te de Campanie et le patrimoine de l&rsquo;UNESCO s&rsquo;\u00e9tend de <strong>Vietri sul Mare \u00e0 Positano<\/strong>. La c\u00f4te est c\u00e9l\u00e8bre dans le monde entier pour sa beaut\u00e9 et pour son patrimoine culturel, architectural et gastronomique. Parmi les villes qui le composent nous nous souvenons: Amalfi avec la cath\u00e9drale et le clo\u00eetre du paradis; <strong>Cetara<\/strong>, c\u00e9l\u00e8bre pour la coul\u00e9e d&rsquo;anchois; <strong>Conca dei Marini<\/strong> avec sa grotte d&rsquo;\u00e9meraude avec une beaut\u00e9 \u00e0 couper le souffle; <strong>Ravello<\/strong> avec son Duomo et la splendide Villa Cimbrone et Villa Rufolo et l&rsquo;Auditorium Oscar Niemeyer. Les villes de la c\u00f4te sont facilement accessibles depuis Salerne en bus ou en bateau depuis le port.[\/vc_column_text][\/vc_column_inner][vc_column_inner width=\u00a0\u00bb1\/3&Prime;][vc_single_image image=\u00a0\u00bb269&Prime; img_size=\u00a0\u00bbfull\u00a0\u00bb alignment=\u00a0\u00bbcenter\u00a0\u00bb][vc_column_text]<\/p>\n<h4><span class=\"highlight\">\u00ceLES<\/span><\/h4>\n<p><strong>Capri<\/strong> et <strong>Ischia<\/strong> font partie de <strong>l&rsquo;archipel<\/strong> de Campanie, \u00e9galement connu sous le nom \u00ab\u00a0<strong>Isole Partenopee<\/strong>\u00ab\u00a0, qui comprend cinq \u00eeles: <strong>Capri, Ischia, Procida, Vivara et Nisida<\/strong>. C\u00e9l\u00e8bres dans le monde entier pour leur beaut\u00e9, pour leurs paysages \u00e0 couper le souffle, et pour leur patrimoine historique et culturel, ils sont facilement accessibles depuis le <strong>port de Salerne<\/strong> avec des ferries et des hydropt\u00e8res actifs d&rsquo;avril \u00e0 octobre.<\/p>\n<p>&nbsp;[\/vc_column_text][\/vc_column_inner][vc_column_inner width=\u00a0\u00bb1\/3&Prime;][vc_single_image image=\u00a0\u00bb272&Prime; img_size=\u00a0\u00bbfull\u00a0\u00bb alignment=\u00a0\u00bbcenter\u00a0\u00bb][vc_column_text]<\/p>\n<h4><span class=\"highlight\">C\u00d4TE CILENTANNE<\/span><\/h4>\n<p>La <strong>c\u00f4te du Cilento<\/strong> s&rsquo;\u00e9tend du <strong>golfe de Salerne<\/strong> au <strong>golfe de Policastro<\/strong>. Le littoral se distingue par ses \u00e9tendues naturelles, ses paysages \u00e0 couper le souffle et sa mer cristalline. A tel point que chaque ann\u00e9e les plages du Cilento re\u00e7oivent un drapeau bleu (reconnaissance internationale attribu\u00e9e aux stations baln\u00e9aires r\u00e9pondant \u00e0 des crit\u00e8res li\u00e9s \u00e0 la gestion durable du territoire). Mer claire, grottes et criques \u00e0 explorer, le Cilento est la moiti\u00e9 id\u00e9ale pour ceux qui veulent se d\u00e9tendre en pleine nature.<\/p>\n<p>Le Cilento n&rsquo;est pas seulement la mer, mais aussi la tradition et la culture. Vous pouvez d\u00e9couvrir de nombreux villages avec une atmosph\u00e8re magique, o\u00f9 vous pourrez red\u00e9couvrir les traditions populaires et la nourriture et le vin.<\/p>\n<p>Les endroits les plus attrayants de la c\u00f4te du Cilento sont: <strong>Castellabate, Agropoli; Palinuro, Acciaroli, Marina de Camerota, Scavi di Velia et Paestum.<\/strong><\/p>\n<p>&nbsp;[\/vc_column_text][\/vc_column_inner][\/vc_row_inner][\/vc_column][\/vc_row][vc_row full_width=\u00a0\u00bbstretch_row\u00a0\u00bb css=\u00a0\u00bb.vc_custom_1511454378983{padding-top: 50px !important;padding-bottom: 80px !important;background-color: #f4f4f4 !important;}\u00a0\u00bb el_id=\u00a0\u00bbcontatti\u00a0\u00bb][vc_column]<div class=\"section-heading text-center \" style=\" padding-bottom: 10px; \">\n\t\t\t<p class=\"above-header\">Contatti<\/p>\n\t\t\t<h2>Contatti e Posizione<\/h2><p>Compila il form per metterti in contatto con noi:<\/p><\/div>[vc_row_inner el_class=\u00a0\u00bbtext-center\u00a0\u00bb css=\u00a0\u00bb.vc_custom_1502181078564{padding-bottom: 30px !important;}\u00a0\u00bb][vc_column_inner]<p class=\"contact-info text-center\"><i class=\"fa fa-map-marker\"><\/i><span>Via Posidonia 164, scala B1 5\u00b0 piano, Salerno<\/span>\n\t\t<\/p><p class=\"contact-info text-center\"><i class=\"fa fa-phone\"><\/i><span>+39 340 9001065<\/span>\n\t\t<\/p><p class=\"contact-info text-center\"><i class=\"fa fa-envelope-o\"><\/i>\n\t\t\t        \t<a href=\"#\" title=\"\" target=\"_top\">info@bebvillacarrara.it<\/a><\/p>[\/vc_column_inner][\/vc_row_inner][vc_row_inner][vc_column_inner width=\u00a0\u00bb1\/2&Prime;][vc_gmaps link=\u00a0\u00bb#E-8_JTNDaWZyYW1lJTIwc3JjJTNEJTIyaHR0cHMlM0ElMkYlMkZ3d3cuZ29vZ2xlLmNvbSUyRm1hcHMlMkZlbWJlZCUzRnBiJTNEJTIxMW0xOCUyMTFtMTIlMjExbTMlMjExZDEyMTA1LjIxMTY4NTY5NDAzNiUyMTJkMTQuNzg0NjE1OTkxNzg2Mjk4JTIxM2Q0MC42NjcyOTQwNDUyMjE5JTIxMm0zJTIxMWYwJTIxMmYwJTIxM2YwJTIxM20yJTIxMWkxMDI0JTIxMmk3NjglMjE0ZjEzLjElMjEzbTMlMjExbTIlMjExczB4MTMzYmMyNWUxMGZkNjFiOSUyNTNBMHgxMzFiOTAzN2Y5ZDg4N2Q4JTIxMnNCJTJCJTI1MjYlMkJCJTJCVmlsbGElMkJDYXJyYXJhJTIxNWUwJTIxM20yJTIxMXNpdCUyMTJzaXQlMjE0djE1MTU2NzMyNDk0NjAlMjIlMjB3aWR0aCUzRCUyMjEwMCUyNSUyMiUyMGhlaWdodCUzRCUyMjQ1MCUyMiUyMGZyYW1lYm9yZGVyJTNEJTIyMCUyMiUyMHN0eWxlJTNEJTIyYm9yZGVyJTNBMCUyMiUyMGFsbG93ZnVsbHNjcmVlbiUzRSUzQyUyRmlmcmFtZSUzRQ==\u00a0\u00bb size=\u00a0\u00bb362&Prime; css=\u00a0\u00bb.vc_custom_1515673272425{margin-bottom: 0px !important;}\u00a0\u00bb][\/vc_column_inner][vc_column_inner width=\u00a0\u00bb1\/2&Prime;]<div class=\"contact\">\n<div class=\"wpcf7 no-js\" id=\"wpcf7-f539-o1\" lang=\"en-US\" dir=\"ltr\" data-wpcf7-id=\"539\">\n<div class=\"screen-reader-response\"><p role=\"status\" aria-live=\"polite\" aria-atomic=\"true\"><\/p> <ul><\/ul><\/div>\n<form action=\"\/fr\/wp-json\/wp\/v2\/pages\/540#wpcf7-f539-o1\" method=\"post\" class=\"wpcf7-form init\" aria-label=\"Contact form\" novalidate=\"novalidate\" data-status=\"init\">\n<fieldset class=\"hidden-fields-container\"><input type=\"hidden\" name=\"_wpcf7\" value=\"539\" \/><input type=\"hidden\" name=\"_wpcf7_version\" value=\"6.1.6\" \/><input type=\"hidden\" name=\"_wpcf7_locale\" value=\"en_US\" \/><input type=\"hidden\" name=\"_wpcf7_unit_tag\" value=\"wpcf7-f539-o1\" \/><input type=\"hidden\" name=\"_wpcf7_container_post\" value=\"0\" \/><input type=\"hidden\" name=\"_wpcf7_posted_data_hash\" value=\"\" \/><input type=\"hidden\" name=\"_wpcf7_recaptcha_response\" value=\"\" \/>\n<\/fieldset>\n<div class=\"form-group\">\n\t<p><span class=\"wpcf7-form-control-wrap\" data-name=\"Complete-Name\"><input size=\"40\" maxlength=\"400\" class=\"wpcf7-form-control wpcf7-text wpcf7-validates-as-required\" aria-required=\"true\" aria-invalid=\"false\" placeholder=\"Nom\" value=\"\" type=\"text\" name=\"Complete-Name\" \/><\/span>\n\t<\/p>\n<\/div>\n<div class=\"form-group\">\n\t<p><span class=\"wpcf7-form-control-wrap\" data-name=\"Phone\"><input size=\"40\" maxlength=\"400\" class=\"wpcf7-form-control wpcf7-tel wpcf7-validates-as-required wpcf7-text wpcf7-validates-as-tel\" aria-required=\"true\" aria-invalid=\"false\" placeholder=\"T\u00e9l\u00e9phone\" value=\"\" type=\"tel\" name=\"Phone\" \/><\/span>\n\t<\/p>\n<\/div>\n<div class=\"form-group\">\n\t<p><span class=\"wpcf7-form-control-wrap\" data-name=\"Email\"><input size=\"40\" maxlength=\"400\" class=\"wpcf7-form-control wpcf7-email wpcf7-validates-as-required wpcf7-text wpcf7-validates-as-email\" aria-required=\"true\" aria-invalid=\"false\" placeholder=\"Email\" value=\"\" type=\"email\" name=\"Email\" \/><\/span>\n\t<\/p>\n<\/div>\n<div class=\"form-group\">\n\t<p><span class=\"wpcf7-form-control-wrap\" data-name=\"Message\"><textarea cols=\"40\" rows=\"10\" maxlength=\"2000\" class=\"wpcf7-form-control wpcf7-textarea wpcf7-validates-as-required\" aria-required=\"true\" aria-invalid=\"false\" placeholder=\"Message\" name=\"Message\"><\/textarea><\/span>\n\t<\/p>\n<\/div>\n<p><span class=\"wpcf7-form-control-wrap\" data-name=\"privacypolicy\"><span class=\"wpcf7-form-control wpcf7-acceptance\"><span class=\"wpcf7-list-item\"><label><input type=\"checkbox\" name=\"privacypolicy\" value=\"1\" aria-invalid=\"false\" \/><span class=\"wpcf7-list-item-label\">Presto il consenso al trattamento dei dati inseriti nel form (obbligatorio). Per maggiori info consulta la <a href=\"\/privacy-policy\/\">privacy policy del sito<\/a><\/span><\/label><\/span><\/span><\/span>\n<\/p>\n<div class=\"form-group\">\n\t<p><input class=\"wpcf7-form-control wpcf7-submit has-spinner\" type=\"submit\" value=\"Soumettre\" \/>\n\t<\/p>\n<\/div><div class=\"wpcf7-response-output\" aria-hidden=\"true\"><\/div>\n<\/form>\n<\/div>\n<\/div>[\/vc_column_inner][\/vc_row_inner][\/vc_column][\/vc_row]<\/p>\n<\/div>","protected":false},"excerpt":{"rendered":"<p>[vc_row full_width=\u00a0\u00bbstretch_row_content_no_spaces\u00a0\u00bb el_id=\u00a0\u00bbheader\u00a0\u00bb][vc_column offset=\u00a0\u00bbvc_hidden-md vc_hidden-sm vc_hidden-xs\u00a0\u00bb][\/vc_column][\/vc_row][vc_row full_width=\u00a0\u00bbstretch_row_content_no_spaces\u00a0\u00bb css=\u00a0\u00bb.vc_custom_1515670121084{padding-bottom: 100px !important;}\u00a0\u00bb][vc_column offset=\u00a0\u00bbvc_hidden-lg\u00a0\u00bb][vc_single_image image=\u00a0\u00bb329&Prime; img_size=\u00a0\u00bbfull\u00a0\u00bb alignment=\u00a0\u00bbcenter\u00a0\u00bb][vc_empty_space height=\u00a0\u00bb15px\u00a0\u00bb][vc_column_text] R\u00e9server [\/vc_column_text][\/vc_column][\/vc_row][vc_row full_width=\u00a0\u00bbstretch_row\u00a0\u00bb parallax=\u00a0\u00bbcontent-moving\u00a0\u00bb css=\u00a0\u00bb.vc_custom_1512735758954{padding-top: 50px !important;padding-bottom: 90px !important;background-color: #f4f4f4 !important;}\u00a0\u00bb el_id=\u00a0\u00bbchi-siamo\u00a0\u00bb][vc_column][vc_row_inner][vc_column_inner width=\u00a0\u00bb1\/6&Prime;][\/vc_column_inner][vc_column_inner width=\u00a0\u00bb2\/3&Prime;][vc_column_text] La Villa Carrara B &amp; B, r\u00e9cemment ouverte, situ\u00e9e Via Posidonia 164 dans le quartier Pastena de Salerno, b\u00e9n\u00e9ficie d&rsquo;une position enviable \u00e0 quelques pas du [&hellip;]<\/p>\n","protected":false},"author":1,"featured_media":0,"parent":0,"menu_order":0,"comment_status":"closed","ping_status":"closed","template":"template-vc-blank.php","meta":{"footnotes":""},"class_list":["post-540","page","type-page","status-publish","hentry"],"yoast_head":"<!-- This site is optimized with the Yoast SEO plugin v28.0 - https:\/\/yoast.com\/product\/yoast-seo-wordpress\/ -->\n<title>B&amp;b Villa Carrara Bed &amp; Breakfast Salerno<\/title>\n<meta name=\"robots\" content=\"index, follow, max-snippet:-1, max-image-preview:large, max-video-preview:-1\" \/>\n<link rel=\"canonical\" href=\"https:\/\/www.bebvillacarrara.it\/fr\/home\/\" \/>\n<meta property=\"og:locale\" content=\"fr_FR\" \/>\n<meta property=\"og:type\" content=\"article\" \/>\n<meta property=\"og:title\" content=\"B&amp;b Villa Carrara Bed &amp; Breakfast Salerno\" \/>\n<meta property=\"og:description\" content=\"[vc_row full_width=\u00a0\u00bbstretch_row_content_no_spaces\u00a0\u00bb el_id=\u00a0\u00bbheader\u00a0\u00bb][vc_column offset=\u00a0\u00bbvc_hidden-md vc_hidden-sm vc_hidden-xs\u00a0\u00bb][\/vc_column][\/vc_row][vc_row full_width=\u00a0\u00bbstretch_row_content_no_spaces\u00a0\u00bb css=\u00a0\u00bb.vc_custom_1515670121084{padding-bottom: 100px !important;}\u00a0\u00bb][vc_column offset=\u00a0\u00bbvc_hidden-lg\u00a0\u00bb][vc_single_image image=\u00a0\u00bb329&Prime; img_size=\u00a0\u00bbfull\u00a0\u00bb alignment=\u00a0\u00bbcenter\u00a0\u00bb][vc_empty_space height=\u00a0\u00bb15px\u00a0\u00bb][vc_column_text] R\u00e9server [\/vc_column_text][\/vc_column][\/vc_row][vc_row full_width=\u00a0\u00bbstretch_row\u00a0\u00bb parallax=\u00a0\u00bbcontent-moving\u00a0\u00bb css=\u00a0\u00bb.vc_custom_1512735758954{padding-top: 50px !important;padding-bottom: 90px !important;background-color: #f4f4f4 !important;}\u00a0\u00bb el_id=\u00a0\u00bbchi-siamo\u00a0\u00bb][vc_column][vc_row_inner][vc_column_inner width=\u00a0\u00bb1\/6&Prime;][\/vc_column_inner][vc_column_inner width=\u00a0\u00bb2\/3&Prime;][vc_column_text] La Villa Carrara B &amp; B, r\u00e9cemment ouverte, situ\u00e9e Via Posidonia 164 dans le quartier Pastena de Salerno, b\u00e9n\u00e9ficie d&rsquo;une position enviable \u00e0 quelques pas du [&hellip;]\" \/>\n<meta property=\"og:url\" content=\"https:\/\/www.bebvillacarrara.it\/fr\/home\/\" \/>\n<meta property=\"og:site_name\" content=\"B&amp;b - Villa Carrara\" \/>\n<meta property=\"article:modified_time\" content=\"2022-12-29T15:03:25+00:00\" \/>\n<meta name=\"twitter:card\" content=\"summary_large_image\" \/>\n<meta name=\"twitter:label1\" content=\"Dur\u00e9e de lecture estim\u00e9e\" \/>\n\t<meta name=\"twitter:data1\" content=\"9 minutes\" \/>\n<script type=\"application\/ld+json\" class=\"yoast-schema-graph\">{\"@context\":\"https:\\\/\\\/schema.org\",\"@graph\":[{\"@type\":\"WebPage\",\"@id\":\"https:\\\/\\\/www.bebvillacarrara.it\\\/fr\\\/home\\\/\",\"url\":\"https:\\\/\\\/www.bebvillacarrara.it\\\/fr\\\/home\\\/\",\"name\":\"B&b Villa Carrara Bed & Breakfast Salerno\",\"isPartOf\":{\"@id\":\"https:\\\/\\\/www.bebvillacarrara.it\\\/#website\"},\"datePublished\":\"2018-05-09T09:40:55+00:00\",\"dateModified\":\"2022-12-29T15:03:25+00:00\",\"breadcrumb\":{\"@id\":\"https:\\\/\\\/www.bebvillacarrara.it\\\/fr\\\/home\\\/#breadcrumb\"},\"inLanguage\":\"fr-FR\",\"potentialAction\":[{\"@type\":\"ReadAction\",\"target\":[\"https:\\\/\\\/www.bebvillacarrara.it\\\/fr\\\/home\\\/\"]}]},{\"@type\":\"BreadcrumbList\",\"@id\":\"https:\\\/\\\/www.bebvillacarrara.it\\\/fr\\\/home\\\/#breadcrumb\",\"itemListElement\":[{\"@type\":\"ListItem\",\"position\":1,\"name\":\"Home\",\"item\":\"https:\\\/\\\/www.bebvillacarrara.it\\\/fr\\\/home\\\/\"},{\"@type\":\"ListItem\",\"position\":2,\"name\":\"Home\"}]},{\"@type\":\"WebSite\",\"@id\":\"https:\\\/\\\/www.bebvillacarrara.it\\\/#website\",\"url\":\"https:\\\/\\\/www.bebvillacarrara.it\\\/\",\"name\":\"B&b - Villa Carrara\",\"description\":\"B&amp;b Villa Carrara Bed and Breakfast Salerno\",\"publisher\":{\"@id\":\"https:\\\/\\\/www.bebvillacarrara.it\\\/#organization\"},\"potentialAction\":[{\"@type\":\"SearchAction\",\"target\":{\"@type\":\"EntryPoint\",\"urlTemplate\":\"https:\\\/\\\/www.bebvillacarrara.it\\\/?s={search_term_string}\"},\"query-input\":{\"@type\":\"PropertyValueSpecification\",\"valueRequired\":true,\"valueName\":\"search_term_string\"}}],\"inLanguage\":\"fr-FR\"},{\"@type\":\"Organization\",\"@id\":\"https:\\\/\\\/www.bebvillacarrara.it\\\/#organization\",\"name\":\"B&b - Villa Carrara\",\"url\":\"https:\\\/\\\/www.bebvillacarrara.it\\\/\",\"logo\":{\"@type\":\"ImageObject\",\"inLanguage\":\"fr-FR\",\"@id\":\"https:\\\/\\\/www.bebvillacarrara.it\\\/#\\\/schema\\\/logo\\\/image\\\/\",\"url\":\"https:\\\/\\\/www.bebvillacarrara.it\\\/wp-content\\\/uploads\\\/2017\\\/12\\\/logo.jpg\",\"contentUrl\":\"https:\\\/\\\/www.bebvillacarrara.it\\\/wp-content\\\/uploads\\\/2017\\\/12\\\/logo.jpg\",\"width\":153,\"height\":128,\"caption\":\"B&b - Villa Carrara\"},\"image\":{\"@id\":\"https:\\\/\\\/www.bebvillacarrara.it\\\/#\\\/schema\\\/logo\\\/image\\\/\"}}]}<\/script>\n<!-- \/ Yoast SEO plugin. -->","yoast_head_json":{"title":"B&b Villa Carrara Bed & Breakfast Salerno","robots":{"index":"index","follow":"follow","max-snippet":"max-snippet:-1","max-image-preview":"max-image-preview:large","max-video-preview":"max-video-preview:-1"},"canonical":"https:\/\/www.bebvillacarrara.it\/fr\/home\/","og_locale":"fr_FR","og_type":"article","og_title":"B&b Villa Carrara Bed & Breakfast Salerno","og_description":"[vc_row full_width=\u00a0\u00bbstretch_row_content_no_spaces\u00a0\u00bb el_id=\u00a0\u00bbheader\u00a0\u00bb][vc_column offset=\u00a0\u00bbvc_hidden-md vc_hidden-sm vc_hidden-xs\u00a0\u00bb][\/vc_column][\/vc_row][vc_row full_width=\u00a0\u00bbstretch_row_content_no_spaces\u00a0\u00bb css=\u00a0\u00bb.vc_custom_1515670121084{padding-bottom: 100px !important;}\u00a0\u00bb][vc_column offset=\u00a0\u00bbvc_hidden-lg\u00a0\u00bb][vc_single_image image=\u00a0\u00bb329&Prime; img_size=\u00a0\u00bbfull\u00a0\u00bb alignment=\u00a0\u00bbcenter\u00a0\u00bb][vc_empty_space height=\u00a0\u00bb15px\u00a0\u00bb][vc_column_text] R\u00e9server [\/vc_column_text][\/vc_column][\/vc_row][vc_row full_width=\u00a0\u00bbstretch_row\u00a0\u00bb parallax=\u00a0\u00bbcontent-moving\u00a0\u00bb css=\u00a0\u00bb.vc_custom_1512735758954{padding-top: 50px !important;padding-bottom: 90px !important;background-color: #f4f4f4 !important;}\u00a0\u00bb el_id=\u00a0\u00bbchi-siamo\u00a0\u00bb][vc_column][vc_row_inner][vc_column_inner width=\u00a0\u00bb1\/6&Prime;][\/vc_column_inner][vc_column_inner width=\u00a0\u00bb2\/3&Prime;][vc_column_text] La Villa Carrara B &amp; B, r\u00e9cemment ouverte, situ\u00e9e Via Posidonia 164 dans le quartier Pastena de Salerno, b\u00e9n\u00e9ficie d&rsquo;une position enviable \u00e0 quelques pas du [&hellip;]","og_url":"https:\/\/www.bebvillacarrara.it\/fr\/home\/","og_site_name":"B&amp;b - Villa Carrara","article_modified_time":"2022-12-29T15:03:25+00:00","twitter_card":"summary_large_image","twitter_misc":{"Dur\u00e9e de lecture estim\u00e9e":"9 minutes"},"schema":{"@context":"https:\/\/schema.org","@graph":[{"@type":"WebPage","@id":"https:\/\/www.bebvillacarrara.it\/fr\/home\/","url":"https:\/\/www.bebvillacarrara.it\/fr\/home\/","name":"B&b Villa Carrara Bed & Breakfast Salerno","isPartOf":{"@id":"https:\/\/www.bebvillacarrara.it\/#website"},"datePublished":"2018-05-09T09:40:55+00:00","dateModified":"2022-12-29T15:03:25+00:00","breadcrumb":{"@id":"https:\/\/www.bebvillacarrara.it\/fr\/home\/#breadcrumb"},"inLanguage":"fr-FR","potentialAction":[{"@type":"ReadAction","target":["https:\/\/www.bebvillacarrara.it\/fr\/home\/"]}]},{"@type":"BreadcrumbList","@id":"https:\/\/www.bebvillacarrara.it\/fr\/home\/#breadcrumb","itemListElement":[{"@type":"ListItem","position":1,"name":"Home","item":"https:\/\/www.bebvillacarrara.it\/fr\/home\/"},{"@type":"ListItem","position":2,"name":"Home"}]},{"@type":"WebSite","@id":"https:\/\/www.bebvillacarrara.it\/#website","url":"https:\/\/www.bebvillacarrara.it\/","name":"B&b - Villa Carrara","description":"B&amp;b Villa Carrara Bed and Breakfast Salerno","publisher":{"@id":"https:\/\/www.bebvillacarrara.it\/#organization"},"potentialAction":[{"@type":"SearchAction","target":{"@type":"EntryPoint","urlTemplate":"https:\/\/www.bebvillacarrara.it\/?s={search_term_string}"},"query-input":{"@type":"PropertyValueSpecification","valueRequired":true,"valueName":"search_term_string"}}],"inLanguage":"fr-FR"},{"@type":"Organization","@id":"https:\/\/www.bebvillacarrara.it\/#organization","name":"B&b - Villa Carrara","url":"https:\/\/www.bebvillacarrara.it\/","logo":{"@type":"ImageObject","inLanguage":"fr-FR","@id":"https:\/\/www.bebvillacarrara.it\/#\/schema\/logo\/image\/","url":"https:\/\/www.bebvillacarrara.it\/wp-content\/uploads\/2017\/12\/logo.jpg","contentUrl":"https:\/\/www.bebvillacarrara.it\/wp-content\/uploads\/2017\/12\/logo.jpg","width":153,"height":128,"caption":"B&b - Villa Carrara"},"image":{"@id":"https:\/\/www.bebvillacarrara.it\/#\/schema\/logo\/image\/"}}]}},"_links":{"self":[{"href":"https:\/\/www.bebvillacarrara.it\/fr\/wp-json\/wp\/v2\/pages\/540","targetHints":{"allow":["GET"]}}],"collection":[{"href":"https:\/\/www.bebvillacarrara.it\/fr\/wp-json\/wp\/v2\/pages"}],"about":[{"href":"https:\/\/www.bebvillacarrara.it\/fr\/wp-json\/wp\/v2\/types\/page"}],"author":[{"embeddable":true,"href":"https:\/\/www.bebvillacarrara.it\/fr\/wp-json\/wp\/v2\/users\/1"}],"replies":[{"embeddable":true,"href":"https:\/\/www.bebvillacarrara.it\/fr\/wp-json\/wp\/v2\/comments?post=540"}],"version-history":[{"count":49,"href":"https:\/\/www.bebvillacarrara.it\/fr\/wp-json\/wp\/v2\/pages\/540\/revisions"}],"predecessor-version":[{"id":3479,"href":"https:\/\/www.bebvillacarrara.it\/fr\/wp-json\/wp\/v2\/pages\/540\/revisions\/3479"}],"wp:attachment":[{"href":"https:\/\/www.bebvillacarrara.it\/fr\/wp-json\/wp\/v2\/media?parent=540"}],"curies":[{"name":"wp","href":"https:\/\/api.w.org\/{rel}","templated":true}]}}