{"id":472,"date":"2018-04-30T11:57:38","date_gmt":"2018-04-30T09:57:38","guid":{"rendered":"https:\/\/www.bebvillacarrara.it\/home\/"},"modified":"2022-12-29T16:07:15","modified_gmt":"2022-12-29T15:07:15","slug":"home","status":"publish","type":"page","link":"https:\/\/www.bebvillacarrara.it\/es\/","title":{"rendered":"Home"},"content":{"rendered":"<div class=\"wpb-content-wrapper\"><p>[vc_row full_width=\u00bbstretch_row_content_no_spaces\u00bb el_id=\u00bbheader\u00bb][vc_column offset=\u00bbvc_hidden-md vc_hidden-sm vc_hidden-xs\u00bb]\n\t\t\t<div class=\"hero-header\">\n\t\t\t\t<div class=\"flex-container-wrapper\">\n\t\t\t\t\t<div class=\"header-content\">\n\t\t\t\t\t\t<div class=\"overlay\"><\/div>\n\t\t\t\t\t\t<div id=\"header-90sod123jkk0-sliding\" class=\"carousel slide\" data-ride=\"carousel\" data-interval=\"4000\">\n\t\t\t\t\t\t\t<div class=\"carousel-inner\" role=\"listbox\"><div class=\"item active\"  style=\"background-image: url(https:\/\/www.bebvillacarrara.it\/wp-content\/uploads\/2017\/12\/header-background-1-1-1.jpg);\"><\/div><\/div>\n\t\t\t\t\t\t<\/div>\n\n\n\t\t\t\t\t\t<div class=\"content-overlay \">\n\t\t\t\t\t\t\t<div class=\"container\">\n\t\t\t\t\t\t\t\t<div class=\"row\">\n\t\t\t\t\t\t\t\t\t<div class=\"col-md-12\">\n\t\t\t\t\t\t\t\t\t\t<h1>Reserva aqu\u00ed&nbsp;<\/h1>\n\t\t\t\t\t\t\t\t\t\t<p>Inicie sesi\u00f3n aqu\u00ed y reserve su estancia<\/p>\n\t\t\t\t\t\t\t\t\t<\/div><div class=\"form-container col-sm-12\"><a id=\"RoomRaccoonButton1-it\" style=\"top: 60px;\" href=\"https:\/\/book.octorate.com\/octobook\/site\/reservation\/calendar.xhtml?codice=748885&amp;lang=IT&amp;room=482175\" target=\"_blank\" rel=\"noopener noreferrer\">Libro<\/a><\/div><\/div>\n\t\t\t\t\t\t\t<\/div>\n\t\t\t\t\t\t<\/div>\n\n\t\t\t\t\t<\/div>\n\t\t\t\t<\/div>\n\t\t\t<\/div>\n\t\t[\/vc_column][\/vc_row][vc_row full_width=\u00bbstretch_row_content_no_spaces\u00bb css=\u00bb.vc_custom_1515670121084{padding-bottom: 100px !important;}\u00bb][vc_column offset=\u00bbvc_hidden-lg\u00bb][vc_single_image image=\u00bb329&#8243; img_size=\u00bbfull\u00bb alignment=\u00bbcenter\u00bb][vc_empty_space height=\u00bb15px\u00bb]<div class=\"section-heading text-center \" style=\" padding-bottom: 10px; \">\n\t\t\t<p class=\"above-header\">Prenotazioni<\/p>\n\t\t\t<h2>Prenota qui<\/h2><\/div>[vc_column_text]<\/p>\n<p style=\"text-align: center;\"><a id=\"RoomRaccoonButton1-it-mobile\" href=\"https:\/\/book.octorate.com\/octobook\/site\/reservation\/calendar.xhtml?codice=748885&amp;lang=IT&amp;room=482175\" target=\"_blank\" rel=\"noopener noreferrer\">Libro<\/a><\/p>\n<p>[\/vc_column_text][\/vc_column][\/vc_row][vc_row full_width=\u00bbstretch_row\u00bb parallax=\u00bbcontent-moving\u00bb css=\u00bb.vc_custom_1512735758954{padding-top: 50px !important;padding-bottom: 90px !important;background-color: #f4f4f4 !important;}\u00bb el_id=\u00bbchi-siamo\u00bb][vc_column]<div class=\"section-heading text-center \">\n\t\t\t<p class=\"above-header\">Chi siamo<\/p>\n\t\t\t<h2>B&amp;B Villa Carrara<\/h2><\/div>[vc_row_inner][vc_column_inner width=\u00bb1\/6&#8243;][\/vc_column_inner][vc_column_inner width=\u00bb2\/3&#8243;][vc_column_text]<br \/>\nEl recientemente inaugurado <em>Villa Carrara B &amp; B<\/em>, ubicado en Via Posidonia 164 en el distrito Pastena de Salerno, goza de una ubicaci\u00f3n envidiable a pocos pasos del centro y de las calles comerciales, el mar y los ba\u00f1os. Adem\u00e1s, gracias a la proximidad a la <strong>estaci\u00f3n de metro<\/strong> y las paradas de <strong>autobuses urbanos y suburbanos<\/strong>, se puede llegar f\u00e1cilmente a otros destinos tur\u00edsticos que enmarcan la ciudad de Salerno, como el <strong>Cilento y la costa de Amalfi, Paestum, las islas de Capri e Ischia.<\/strong><\/p>\n<p>Nuestro B &amp; B es una <strong>casa inteligente<\/strong> moderna. Dise\u00f1ado en cada detalle, tiene un sistema <strong>dom\u00f3tico<\/strong> integrado para mejorar la comodidad y la seguridad de los clientes y reducir el consumo de energ\u00eda y el impacto ambiental.<\/p>\n<p>El B &amp; B <em>Villa Carrara<\/em>, inmerso en el coraz\u00f3n de Salerno, la ciudad del mar, la buena comida y el famoso \u00ab<strong>Luci D&#8217;Artista<\/strong>\u00ab, toma su nombre de la adyacente <em><strong>Villa Carrara<\/strong><\/em>, prestigiosa residencia noble construida en el siglo XVIII por la familia Carrara. Villa Carrara es una de las muchas bellezas hist\u00f3ricas y arquitect\u00f3nicas de la ciudad de Salerno, famosa por haber acogido varias veces a Carlos III de Espa\u00f1a, entonces rey de N\u00e1poles y Sicilia, como tambi\u00e9n lo cont\u00f3 <em>Giacomo Casanova<\/em> en sus obras.<br \/>\n[\/vc_column_text][\/vc_column_inner][vc_column_inner width=\u00bb1\/6&#8243;][\/vc_column_inner][\/vc_row_inner]<div class=\"swiper-container carousel-gallery\">\n\t\t\t<div class=\"swiper-wrapper\"><div class=\"swiper-slide\">\n\t\t\t\t\t<a href=\"https:\/\/www.bebvillacarrara.it\/wp-content\/uploads\/2018\/08\/D4B_2557.jpg\" class=\"popup-link\" data-effect=\"fadeIn\">\n\t\t\t\t\t\t<div class=\"image-container\">\n\t\t\t\t\t\t\t<img decoding=\"async\" class=\"img-responsive\" src=\"https:\/\/www.bebvillacarrara.it\/wp-content\/uploads\/2018\/08\/D4B_2557-365x230.jpg\" alt=\"\">\n\t\t\t\t\t\t<\/div>\n\t\t\t\t\t<\/a>\n\t\t\t\t<\/div><div class=\"swiper-slide\">\n\t\t\t\t\t<a href=\"https:\/\/www.bebvillacarrara.it\/wp-content\/uploads\/2018\/08\/D4B_2497.jpg\" class=\"popup-link\" data-effect=\"fadeIn\">\n\t\t\t\t\t\t<div class=\"image-container\">\n\t\t\t\t\t\t\t<img decoding=\"async\" class=\"img-responsive\" src=\"https:\/\/www.bebvillacarrara.it\/wp-content\/uploads\/2018\/08\/D4B_2497-365x230.jpg\" alt=\"\">\n\t\t\t\t\t\t<\/div>\n\t\t\t\t\t<\/a>\n\t\t\t\t<\/div><div class=\"swiper-slide\">\n\t\t\t\t\t<a href=\"https:\/\/www.bebvillacarrara.it\/wp-content\/uploads\/2018\/08\/D4B_2499.jpg\" class=\"popup-link\" data-effect=\"fadeIn\">\n\t\t\t\t\t\t<div class=\"image-container\">\n\t\t\t\t\t\t\t<img decoding=\"async\" class=\"img-responsive\" src=\"https:\/\/www.bebvillacarrara.it\/wp-content\/uploads\/2018\/08\/D4B_2499-365x230.jpg\" alt=\"\">\n\t\t\t\t\t\t<\/div>\n\t\t\t\t\t<\/a>\n\t\t\t\t<\/div><div class=\"swiper-slide\">\n\t\t\t\t\t<a href=\"https:\/\/www.bebvillacarrara.it\/wp-content\/uploads\/2018\/08\/D4B_2493.jpg\" class=\"popup-link\" data-effect=\"fadeIn\">\n\t\t\t\t\t\t<div class=\"image-container\">\n\t\t\t\t\t\t\t<img decoding=\"async\" class=\"img-responsive\" src=\"https:\/\/www.bebvillacarrara.it\/wp-content\/uploads\/2018\/08\/D4B_2493-365x230.jpg\" alt=\"\">\n\t\t\t\t\t\t<\/div>\n\t\t\t\t\t<\/a>\n\t\t\t\t<\/div><div class=\"swiper-slide\">\n\t\t\t\t\t<a href=\"https:\/\/www.bebvillacarrara.it\/wp-content\/uploads\/2018\/08\/D4B_2480.jpg\" class=\"popup-link\" data-effect=\"fadeIn\">\n\t\t\t\t\t\t<div class=\"image-container\">\n\t\t\t\t\t\t\t<img decoding=\"async\" class=\"img-responsive\" src=\"https:\/\/www.bebvillacarrara.it\/wp-content\/uploads\/2018\/08\/D4B_2480-365x230.jpg\" alt=\"\">\n\t\t\t\t\t\t<\/div>\n\t\t\t\t\t<\/a>\n\t\t\t\t<\/div><div class=\"swiper-slide\">\n\t\t\t\t\t<a href=\"https:\/\/www.bebvillacarrara.it\/wp-content\/uploads\/2018\/08\/D4B_2485.jpg\" class=\"popup-link\" data-effect=\"fadeIn\">\n\t\t\t\t\t\t<div class=\"image-container\">\n\t\t\t\t\t\t\t<img decoding=\"async\" class=\"img-responsive\" src=\"https:\/\/www.bebvillacarrara.it\/wp-content\/uploads\/2018\/08\/D4B_2485-365x230.jpg\" alt=\"\">\n\t\t\t\t\t\t<\/div>\n\t\t\t\t\t<\/a>\n\t\t\t\t<\/div><div class=\"swiper-slide\">\n\t\t\t\t\t<a href=\"https:\/\/www.bebvillacarrara.it\/wp-content\/uploads\/2018\/08\/D4B_2489.jpg\" class=\"popup-link\" data-effect=\"fadeIn\">\n\t\t\t\t\t\t<div class=\"image-container\">\n\t\t\t\t\t\t\t<img decoding=\"async\" class=\"img-responsive\" src=\"https:\/\/www.bebvillacarrara.it\/wp-content\/uploads\/2018\/08\/D4B_2489-365x230.jpg\" alt=\"\">\n\t\t\t\t\t\t<\/div>\n\t\t\t\t\t<\/a>\n\t\t\t\t<\/div><div class=\"swiper-slide\">\n\t\t\t\t\t<a href=\"https:\/\/www.bebvillacarrara.it\/wp-content\/uploads\/2018\/08\/D4B_2510.jpg\" class=\"popup-link\" data-effect=\"fadeIn\">\n\t\t\t\t\t\t<div class=\"image-container\">\n\t\t\t\t\t\t\t<img decoding=\"async\" class=\"img-responsive\" src=\"https:\/\/www.bebvillacarrara.it\/wp-content\/uploads\/2018\/08\/D4B_2510-365x230.jpg\" alt=\"\">\n\t\t\t\t\t\t<\/div>\n\t\t\t\t\t<\/a>\n\t\t\t\t<\/div><div class=\"swiper-slide\">\n\t\t\t\t\t<a href=\"https:\/\/www.bebvillacarrara.it\/wp-content\/uploads\/2018\/08\/D4B_2472.jpg\" class=\"popup-link\" data-effect=\"fadeIn\">\n\t\t\t\t\t\t<div class=\"image-container\">\n\t\t\t\t\t\t\t<img decoding=\"async\" class=\"img-responsive\" src=\"https:\/\/www.bebvillacarrara.it\/wp-content\/uploads\/2018\/08\/D4B_2472-365x230.jpg\" alt=\"\">\n\t\t\t\t\t\t<\/div>\n\t\t\t\t\t<\/a>\n\t\t\t\t<\/div><div class=\"swiper-slide\">\n\t\t\t\t\t<a href=\"https:\/\/www.bebvillacarrara.it\/wp-content\/uploads\/2018\/08\/BAGNO-BELLAVISTA.jpg\" class=\"popup-link\" data-effect=\"fadeIn\">\n\t\t\t\t\t\t<div class=\"image-container\">\n\t\t\t\t\t\t\t<img decoding=\"async\" class=\"img-responsive\" src=\"https:\/\/www.bebvillacarrara.it\/wp-content\/uploads\/2018\/08\/BAGNO-BELLAVISTA-365x230.jpg\" alt=\"\">\n\t\t\t\t\t\t<\/div>\n\t\t\t\t\t<\/a>\n\t\t\t\t<\/div><div class=\"swiper-slide\">\n\t\t\t\t\t<a href=\"https:\/\/www.bebvillacarrara.it\/wp-content\/uploads\/2018\/08\/D4B_2461.jpg\" class=\"popup-link\" data-effect=\"fadeIn\">\n\t\t\t\t\t\t<div class=\"image-container\">\n\t\t\t\t\t\t\t<img decoding=\"async\" class=\"img-responsive\" src=\"https:\/\/www.bebvillacarrara.it\/wp-content\/uploads\/2018\/08\/D4B_2461-365x230.jpg\" alt=\"\">\n\t\t\t\t\t\t<\/div>\n\t\t\t\t\t<\/a>\n\t\t\t\t<\/div><div class=\"swiper-slide\">\n\t\t\t\t\t<a href=\"https:\/\/www.bebvillacarrara.it\/wp-content\/uploads\/2018\/08\/D4B_2465.jpg\" class=\"popup-link\" data-effect=\"fadeIn\">\n\t\t\t\t\t\t<div class=\"image-container\">\n\t\t\t\t\t\t\t<img decoding=\"async\" class=\"img-responsive\" src=\"https:\/\/www.bebvillacarrara.it\/wp-content\/uploads\/2018\/08\/D4B_2465-365x230.jpg\" alt=\"\">\n\t\t\t\t\t\t<\/div>\n\t\t\t\t\t<\/a>\n\t\t\t\t<\/div><div class=\"swiper-slide\">\n\t\t\t\t\t<a href=\"https:\/\/www.bebvillacarrara.it\/wp-content\/uploads\/2018\/08\/D4B_2467.jpg\" class=\"popup-link\" data-effect=\"fadeIn\">\n\t\t\t\t\t\t<div class=\"image-container\">\n\t\t\t\t\t\t\t<img decoding=\"async\" class=\"img-responsive\" src=\"https:\/\/www.bebvillacarrara.it\/wp-content\/uploads\/2018\/08\/D4B_2467-365x230.jpg\" alt=\"\">\n\t\t\t\t\t\t<\/div>\n\t\t\t\t\t<\/a>\n\t\t\t\t<\/div><div class=\"swiper-slide\">\n\t\t\t\t\t<a href=\"https:\/\/www.bebvillacarrara.it\/wp-content\/uploads\/2019\/08\/camera-amalfi-2.jpg\" class=\"popup-link\" data-effect=\"fadeIn\">\n\t\t\t\t\t\t<div class=\"image-container\">\n\t\t\t\t\t\t\t<img decoding=\"async\" class=\"img-responsive\" src=\"https:\/\/www.bebvillacarrara.it\/wp-content\/uploads\/2019\/08\/camera-amalfi-2-365x230.jpg\" alt=\"\">\n\t\t\t\t\t\t<\/div>\n\t\t\t\t\t<\/a>\n\t\t\t\t<\/div><div class=\"swiper-slide\">\n\t\t\t\t\t<a href=\"https:\/\/www.bebvillacarrara.it\/wp-content\/uploads\/2019\/08\/camera-amalfi-3.jpg\" class=\"popup-link\" data-effect=\"fadeIn\">\n\t\t\t\t\t\t<div class=\"image-container\">\n\t\t\t\t\t\t\t<img decoding=\"async\" class=\"img-responsive\" src=\"https:\/\/www.bebvillacarrara.it\/wp-content\/uploads\/2019\/08\/camera-amalfi-3-365x230.jpg\" alt=\"\">\n\t\t\t\t\t\t<\/div>\n\t\t\t\t\t<\/a>\n\t\t\t\t<\/div><div class=\"swiper-slide\">\n\t\t\t\t\t<a href=\"https:\/\/www.bebvillacarrara.it\/wp-content\/uploads\/2019\/08\/camera-amalfi-1.jpg\" class=\"popup-link\" data-effect=\"fadeIn\">\n\t\t\t\t\t\t<div class=\"image-container\">\n\t\t\t\t\t\t\t<img decoding=\"async\" class=\"img-responsive\" src=\"https:\/\/www.bebvillacarrara.it\/wp-content\/uploads\/2019\/08\/camera-amalfi-1-365x230.jpg\" alt=\"\">\n\t\t\t\t\t\t<\/div>\n\t\t\t\t\t<\/a>\n\t\t\t\t<\/div><div class=\"swiper-slide\">\n\t\t\t\t\t<a href=\"https:\/\/www.bebvillacarrara.it\/wp-content\/uploads\/2019\/08\/camera-amalfi-1-1.jpg\" class=\"popup-link\" data-effect=\"fadeIn\">\n\t\t\t\t\t\t<div class=\"image-container\">\n\t\t\t\t\t\t\t<img decoding=\"async\" class=\"img-responsive\" src=\"https:\/\/www.bebvillacarrara.it\/wp-content\/uploads\/2019\/08\/camera-amalfi-1-1-365x230.jpg\" alt=\"\">\n\t\t\t\t\t\t<\/div>\n\t\t\t\t\t<\/a>\n\t\t\t\t<\/div>\n\t\t\t<\/div>\n\t\t\t<!-- Add Arrows -->\n\t\t\t<div class=\"swiper-button-prev\"><i class=\"fa fa-angle-left\"><\/i><\/div>\n\t\t\t<div class=\"swiper-button-next\"><i class=\"fa fa-angle-right\"><\/i><\/div>\n\t\t<\/div>[\/vc_column][\/vc_row][vc_row css=\u00bb.vc_custom_1511454655135{padding-top: 50px !important;padding-bottom: 90px !important;}\u00bb el_id=\u00bbcamere\u00bb][vc_column]<div class=\"section-heading text-center \" style=\" padding-bottom: 10px; \">\n\t\t\t<p class=\"above-header\">Le camere<\/p>\n\t\t\t<h2>Comfort &amp; Relax<\/h2><p>Tutte le nostre camere dispongo dei seguenti servizi:<\/p><\/div>[vc_row_inner][vc_column_inner width=\u00bb1\/6&#8243;][\/vc_column_inner][vc_column_inner width=\u00bb2\/3&#8243;][vc_column_text]<br \/>\nVilla Carrara B &amp; B consta de cuatro habitaciones equipadas con todas las comodidades, una zona de <strong>comedor \/ desayuno<\/strong> y vistas al paseo mar\u00edtimo de Salerno.<br \/>\nLas espaciosas habitaciones de Villa Carrara, recientemente renovadas, est\u00e1n decoradas en un estilo moderno para ofrecer a los hu\u00e9spedes la m\u00e1xima relajaci\u00f3n. Todas las habitaciones est\u00e1n equipadas con aire acondicionado con sistema de viento, televisi\u00f3n inteligente, caja fuerte, minibar, wifi, ba\u00f1o privado y cerraduras el\u00e9ctricas. Una verdadera casa inteligente dise\u00f1ada por un lado, para el bienestar de los hu\u00e9spedes, y por el otro para reducir el consumo y proteger el medio ambiente.<br \/>\n\u2022 Aire acondicionado<br \/>\n\u2022 Nevera<br \/>\n\u2022 Plaza de aparcamiento<br \/>\n\u2022 Televisi\u00f3n inteligente<br \/>\n\u2022 Wifi<br \/>\n[\/vc_column_text][\/vc_column_inner][vc_column_inner width=\u00bb1\/6&#8243;][\/vc_column_inner][\/vc_row_inner][\/vc_column][\/vc_row][vc_row full_width=\u00bbstretch_row_content_no_spaces\u00bb css=\u00bb.vc_custom_1564746168051{padding-right: 25px !important;padding-left: 25px !important;}\u00bb][vc_column]<ul class=\"room-facilities text-center list-unstyled list-inline\"><li>Aire acondicionado<\/li><li>Nevera<\/li><li>Plaza de aparcamiento<\/li><li>Televisi\u00f3n inteligente<\/li><li>Wi-Fi<\/li><\/ul><div class=\"row\"><div class=\"col-sm-4 rooms-container \">\n\t\t\t\t\t<div class=\"text-center\">\n\t\t\t\t\t\t<a class=\"popup-with-move-anim\" href=\"#room-info\" data-url=\"https:\/\/www.bebvillacarrara.it\/es\/room\/amalfi\/\">\n\t\t\t\t\t\t\t<div class=\"image-container\"><img loading=\"lazy\" decoding=\"async\" width=\"640\" height=\"427\" src=\"https:\/\/www.bebvillacarrara.it\/wp-content\/uploads\/2019\/08\/camera-amalfi-1024x683.jpg\" class=\"img-responsive wp-post-image\" alt=\"Amalfi\" srcset=\"https:\/\/www.bebvillacarrara.it\/wp-content\/uploads\/2019\/08\/camera-amalfi-1024x683.jpg 1024w, https:\/\/www.bebvillacarrara.it\/wp-content\/uploads\/2019\/08\/camera-amalfi-300x200.jpg 300w, https:\/\/www.bebvillacarrara.it\/wp-content\/uploads\/2019\/08\/camera-amalfi-768x512.jpg 768w, https:\/\/www.bebvillacarrara.it\/wp-content\/uploads\/2019\/08\/camera-amalfi.jpg 1200w\" sizes=\"auto, (max-width: 640px) 100vw, 640px\" \/><\/div>\n\t\t\t\t\t\t<\/a>\n\t\t\t\t\t\t<h4>Amalfi<\/h4>\n\t\t\t\t\t\t<div class=\"post-content\"><p>Amalfi est\u00e1 amueblada en un estilo moderno con armario, escritorio, televisi\u00f3n inteligente, wifi gratuito y aire acondicionado con sistema de viento gratuito.<\/p>\n<\/div>\n\t                   \t<a class=\"button rml_bttn outline popup-with-move-anim\" href=\"#room-info\" data-id=\"864\" data-url=\"https:\/\/www.bebvillacarrara.it\/es\/room\/amalfi\/\">Detalles<\/a>\n\t\t\t\t\t<\/div>\n\t\t\t\t<\/div><div class=\"col-sm-4 rooms-container \">\n\t\t\t\t\t<div class=\"text-center\">\n\t\t\t\t\t\t<a class=\"popup-with-move-anim\" href=\"#room-info\" data-url=\"https:\/\/www.bebvillacarrara.it\/es\/room\/bellavista\/\">\n\t\t\t\t\t\t\t<div class=\"image-container\"><img loading=\"lazy\" decoding=\"async\" width=\"640\" height=\"426\" src=\"https:\/\/www.bebvillacarrara.it\/wp-content\/uploads\/2018\/04\/D4B_2465-1-1024x682.jpg\" class=\"img-responsive wp-post-image\" alt=\"Bellavista\" srcset=\"https:\/\/www.bebvillacarrara.it\/wp-content\/uploads\/2018\/04\/D4B_2465-1-1024x682.jpg 1024w, https:\/\/www.bebvillacarrara.it\/wp-content\/uploads\/2018\/04\/D4B_2465-1-300x200.jpg 300w, https:\/\/www.bebvillacarrara.it\/wp-content\/uploads\/2018\/04\/D4B_2465-1-768x511.jpg 768w, https:\/\/www.bebvillacarrara.it\/wp-content\/uploads\/2018\/04\/D4B_2465-1.jpg 1200w\" sizes=\"auto, (max-width: 640px) 100vw, 640px\" \/><\/div>\n\t\t\t\t\t\t<\/a>\n\t\t\t\t\t\t<h4>Bellavista<\/h4>\n\t\t\t\t\t\t<div class=\"post-content\"><p>Bella Vista est\u00e1 amueblada en un estilo moderno con armario, escritorio, televisi\u00f3n inteligente, wifi gratuito y aire acondicionado con sistema de viento gratuito.<\/p>\n<\/div>\n\t                   \t<a class=\"button rml_bttn outline popup-with-move-anim\" href=\"#room-info\" data-id=\"467\" data-url=\"https:\/\/www.bebvillacarrara.it\/es\/room\/bellavista\/\">Detalles<\/a>\n\t\t\t\t\t<\/div>\n\t\t\t\t<\/div><div class=\"col-sm-4 rooms-container \">\n\t\t\t\t\t<div class=\"text-center\">\n\t\t\t\t\t\t<a class=\"popup-with-move-anim\" href=\"#room-info\" data-url=\"https:\/\/www.bebvillacarrara.it\/es\/room\/colombo\/\">\n\t\t\t\t\t\t\t<div class=\"image-container\"><img loading=\"lazy\" decoding=\"async\" width=\"640\" height=\"426\" src=\"https:\/\/www.bebvillacarrara.it\/wp-content\/uploads\/2018\/04\/D4B_2489-1-1024x682.jpg\" class=\"img-responsive wp-post-image\" alt=\"Colombo\" srcset=\"https:\/\/www.bebvillacarrara.it\/wp-content\/uploads\/2018\/04\/D4B_2489-1-1024x682.jpg 1024w, https:\/\/www.bebvillacarrara.it\/wp-content\/uploads\/2018\/04\/D4B_2489-1-300x200.jpg 300w, https:\/\/www.bebvillacarrara.it\/wp-content\/uploads\/2018\/04\/D4B_2489-1-768x511.jpg 768w, https:\/\/www.bebvillacarrara.it\/wp-content\/uploads\/2018\/04\/D4B_2489-1.jpg 1200w\" sizes=\"auto, (max-width: 640px) 100vw, 640px\" \/><\/div>\n\t\t\t\t\t\t<\/a>\n\t\t\t\t\t\t<h4>Colombo<\/h4>\n\t\t\t\t\t\t<div class=\"post-content\"><p>La habitaci\u00f3n est\u00e1 amueblada en un estilo moderno con armario, escritorio, televisi\u00f3n inteligente, wifi gratuito y aire acondicionado con sistema de viento gratuito.<\/p>\n<\/div>\n\t                   \t<a class=\"button rml_bttn outline popup-with-move-anim\" href=\"#room-info\" data-id=\"464\" data-url=\"https:\/\/www.bebvillacarrara.it\/es\/room\/colombo\/\">Detalles<\/a>\n\t\t\t\t\t<\/div>\n\t\t\t\t<\/div><div class=\"col-sm-4 rooms-container \">\n\t\t\t\t\t<div class=\"text-center\">\n\t\t\t\t\t\t<a class=\"popup-with-move-anim\" href=\"#room-info\" data-url=\"https:\/\/www.bebvillacarrara.it\/es\/room\/posidonia\/\">\n\t\t\t\t\t\t\t<div class=\"image-container\"><img loading=\"lazy\" decoding=\"async\" width=\"640\" height=\"426\" src=\"https:\/\/www.bebvillacarrara.it\/wp-content\/uploads\/2018\/04\/D4B_2497-1-1024x682.jpg\" class=\"img-responsive wp-post-image\" alt=\"Posidonia\" srcset=\"https:\/\/www.bebvillacarrara.it\/wp-content\/uploads\/2018\/04\/D4B_2497-1-1024x682.jpg 1024w, https:\/\/www.bebvillacarrara.it\/wp-content\/uploads\/2018\/04\/D4B_2497-1-300x200.jpg 300w, https:\/\/www.bebvillacarrara.it\/wp-content\/uploads\/2018\/04\/D4B_2497-1-768x511.jpg 768w, https:\/\/www.bebvillacarrara.it\/wp-content\/uploads\/2018\/04\/D4B_2497-1.jpg 1200w\" sizes=\"auto, (max-width: 640px) 100vw, 640px\" \/><\/div>\n\t\t\t\t\t\t<\/a>\n\t\t\t\t\t\t<h4>Posidonia<\/h4>\n\t\t\t\t\t\t<div class=\"post-content\"><p>Posidonia est\u00e1 amueblada en un estilo moderno con armario, escritorio, televisi\u00f3n inteligente, wifi gratuito y aire acondicionado con sistema de viento gratuito.<\/p>\n<\/div>\n\t                   \t<a class=\"button rml_bttn outline popup-with-move-anim\" href=\"#room-info\" data-id=\"461\" data-url=\"https:\/\/www.bebvillacarrara.it\/es\/room\/posidonia\/\">Detalles<\/a>\n\t\t\t\t\t<\/div>\n\t\t\t\t<\/div><\/div><div id=\"room-info\" class=\"room-details-container zoom-anim-dialog mfp-hide\">\n\t\t\t<button title=\"Close (Esc)\" type=\"button\" class=\"mfp-close x-button \">x<\/button>\n\t\t\t<div class=\"loader\">Loading...<\/div>\n\t\t\t<div class=\" row content-wrapper\">\n\t\t\t\t<div class=\"col-md-8 content-left\"><\/div>\n\t\t\t\t<div class=\"col-md-4\">\n\t\t\t\t\t<div class=\"content-right\"><\/div>\n\t\t\t\t\t<div class=\"button outline mfp-close as-button\">Back<\/div>&nbsp; \n\t\t\t\t\t<div class=\"booking-button\"><\/div>\n\t\t\t\t<\/div>\n\t\t\t<\/div>\n\t\t<\/div>[\/vc_column][\/vc_row][vc_row full_width=\u00bbstretch_row\u00bb css=\u00bb.vc_custom_1511455344222{padding-top: 50px !important;padding-bottom: 60px !important;background-color: #f4f4f4 !important;}\u00bb el_id=\u00bbattrazioni-turistiche\u00bb][vc_column]<div class=\"section-heading text-center \">\n\t\t\t<p class=\"above-header\"><\/p>\n\t\t\t<h2>Attrazioni turistiche<\/h2><\/div>[vc_row_inner][vc_column_inner width=\u00bb1\/3&#8243;][vc_single_image image=\u00bb344&#8243; img_size=\u00bbfull\u00bb alignment=\u00bbcenter\u00bb][vc_column_text]<\/p>\n<h4><span class=\"highlight\">SCAVI DI ERCOLANO E\u00a0<\/span><span class=\"highlight\">POMPEI <\/span><\/h4>\n<p>Gli <strong>scavi di Ercolano<\/strong> <strong>e<\/strong> <strong>Pompei<\/strong>, si trovano in provincia di Napoli e sono famosi in tutto il mondo per essere gli unici siti archeologici a restituire al visitatore una chiara descrizione di un centro abitato romano. La perfetta conservazione degli<strong> scavi di Ercolano e Pompei<\/strong> \u00e8 frutto della modalit\u00e0 con cui sono stati sepolti. Infatti, le tonnellate di ceneri, pomici e lapilli hanno creato uno strato di oltre 6 metri che ha preservato l\u2019antico centro dal deperimento. Visitando gli scavi di Pompei ed Ercolano \u00e8 come ritornare al 79 d.C.<\/p>\n<p>Nel corso degli anni sono stati ritrovati diversi reperti, affreschi, mosaici, statue e oggetti di vario genere attualmente conservati presso il <strong>Museo Archeologico Nazionale di Napoli<\/strong>.[\/vc_column_text][\/vc_column_inner][vc_column_inner width=\u00bb1\/3&#8243;][vc_single_image image=\u00bb345&#8243; img_size=\u00bbfull\u00bb alignment=\u00bbcenter\u00bb][vc_column_text]<\/p>\n<h4><span class=\"highlight\">NAPOLI<\/span><\/h4>\n<p>Napoli \u00e8 una citt\u00e0 ricca di storia e di bellezze architettoniche, un vero e proprio museo a cielo aperto. Tra i luoghi di maggiore rilievo si annoverano: il <strong>Maschio Angioino<\/strong> o <em>Castel Nuovo<\/em>, storico castello medievale e rinascimentale, simbolo della citt\u00e0; <strong>Castel dell\u2019Ovo<\/strong>, uno dei castelli pi\u00f9 antichi di Napoli raggiungibile passeggiando sul <strong>lungomare Caracciolo<\/strong>; <strong>Piazza del Plebiscito<\/strong> e l\u2019adiacente <strong>Palazzo Reale<\/strong> del 1600; <strong>Teatro San Carlo<\/strong> uno dei pi\u00f9 prestigiosi al mondo e il\u00a0<strong>Museo di Capodimonte.\u00a0<\/strong>Nel cuore del centro storico di Napoli anche il Museo Cappella Sansevero, che ospita il <strong>Cristo velato<\/strong> una delle opere pi\u00f9 affascinanti a livello internazionale. Infine, visitando la citt\u00e0 non si pu\u00f2 rinunciare al tour nella <strong>Napoli sotterranea<\/strong>, la parte nascosta della citt\u00e0.[\/vc_column_text][\/vc_column_inner][vc_column_inner width=\u00bb1\/3&#8243;][vc_single_image image=\u00bb266&#8243; img_size=\u00bbfull\u00bb alignment=\u00bbcenter\u00bb][vc_column_text]<\/p>\n<h4><span class=\"highlight\">LUCES DE ARTISTA<\/span><\/h4>\n<p>El famoso <a href=\"http:\/\/www.lucidartistasalerno.com\/\">Luci d&#8217;Artista<\/a> transforma la <strong>ciudad de Salerno<\/strong>, de noviembre a enero, en una ciudad encantada donde se respira la magia de la Navidad.<\/p>\n<p>Las iluminaciones, el \u00e1rbol encantador en <strong>Portanova<\/strong>, el \u00ab<em>Jard\u00edn Encantado<\/em>\u00bb instalado dentro de la Villa Comunale, los mercados de Navidad en <strong>Lungomare Trieste<\/strong> y la noria hacen que Salerno se convierta en una ciudad rom\u00e1ntica llena de encanto capaz de hacer que los turistas congelados en todo el mundo caigan enamorado todos los a\u00f1os.<\/p>\n<p>&nbsp;[\/vc_column_text][\/vc_column_inner][\/vc_row_inner][vc_row_inner][vc_column_inner width=\u00bb1\/3&#8243;][vc_single_image image=\u00bb268&#8243; img_size=\u00bbfull\u00bb alignment=\u00bbcenter\u00bb][vc_column_text]<\/p>\n<h4><span class=\"highlight\">COSTA DE AMALFI<\/span><\/h4>\n<p>La perla de la<strong> Costa de Amalfi<\/strong> de la costa de Campania y el patrimonio de la UNESCO se extiende desde <strong>Vietri sul Mare a Positano<\/strong>. La costa es famosa en todo el mundo por su belleza esc\u00e9nica y por su patrimonio cultural, arquitect\u00f3nico y gastron\u00f3mico. Entre las ciudades que lo componen recordamos: <strong>Amalfi<\/strong> con la Catedral y el Claustro del Para\u00edso; <strong>Cetara<\/strong>, famosa por el vertido de anchoas; <strong>Conca dei Marini<\/strong> con su Emerald Grotto con una belleza impresionante; <strong>Ravello<\/strong> con su Duomo y la espl\u00e9ndida Villa Cimbrone y Villa Rufolo y el Auditorio Oscar Niemeyer. Las ciudades de la costa son f\u00e1cilmente accesibles desde Salerno en autob\u00fas o por mar desde el puerto.[\/vc_column_text][\/vc_column_inner][vc_column_inner width=\u00bb1\/3&#8243;][vc_single_image image=\u00bb269&#8243; img_size=\u00bbfull\u00bb alignment=\u00bbcenter\u00bb][vc_column_text]<\/p>\n<h4><span class=\"highlight\">ISLAS<\/span><\/h4>\n<p><strong>Capri e Ischia<\/strong> son parte del archipi\u00e9lago de Campania, tambi\u00e9n conocido como la \u00ab<strong>Isole Partenopee<\/strong>\u00ab, que incluye cinco islas: <strong>Capri, Ischia, Procida, Vivara y Nisida<\/strong>. Famosa en todo el mundo por su belleza, por sus impresionantes paisajes y por su patrimonio hist\u00f3rico y cultural, son f\u00e1cilmente accesibles desde el <strong>Puerto de Salerno<\/strong> con transbordadores e hidroalas activos de abril a octubre.<\/p>\n<p>&nbsp;[\/vc_column_text][\/vc_column_inner][vc_column_inner width=\u00bb1\/3&#8243;][vc_single_image image=\u00bb272&#8243; img_size=\u00bbfull\u00bb alignment=\u00bbcenter\u00bb][vc_column_text]<\/p>\n<h4><span class=\"highlight\">COSTA CILENTANA<\/span><\/h4>\n<p>La <strong>costa de Cilento<\/strong> se extiende desde el <strong>Golfo de Salerno<\/strong> hasta el <strong>Golfo de Policastro<\/strong>. El tramo costero se destaca por sus extensiones naturales, paisajes impresionantes y mar de aguas cristalinas. Tanto es as\u00ed que cada a\u00f1o las playas de Cilento son galardonadas con una bandera azul (reconocimiento internacional que se asigna a balnearios que cumplen criterios relacionados con la gesti\u00f3n sostenible del territorio). Mar claro, cuevas y ensenadas para explorar, el Cilento es la mitad ideal para aquellos que quieren relajarse rodeado de naturaleza.<\/p>\n<p>El Cilento no es solo mar, sino tambi\u00e9n tradici\u00f3n y cultura. Puede descubrir muchos pueblos con un ambiente m\u00e1gico, donde puede redescubrir las tradiciones populares y la comida y el vino.<br \/>\nLos lugares m\u00e1s atractivos de la Costa de Cilento son: <strong>Castellabate, Agropoli; Palinuro, Acciaroli, Marina di Camerota, Scavi di Velia y Paestum.<\/strong><\/p>\n<p>&nbsp;[\/vc_column_text][\/vc_column_inner][\/vc_row_inner][\/vc_column][\/vc_row][vc_row full_width=\u00bbstretch_row\u00bb css=\u00bb.vc_custom_1511454378983{padding-top: 50px !important;padding-bottom: 80px !important;background-color: #f4f4f4 !important;}\u00bb el_id=\u00bbcontatti\u00bb][vc_column]<div class=\"section-heading text-center \" style=\" padding-bottom: 10px; \">\n\t\t\t<p class=\"above-header\">Contatti<\/p>\n\t\t\t<h2>Contatti e Posizione<\/h2><p>Compila il form per metterti in contatto con noi:<\/p><\/div>[vc_row_inner el_class=\u00bbtext-center\u00bb css=\u00bb.vc_custom_1502181078564{padding-bottom: 30px !important;}\u00bb][vc_column_inner]<p class=\"contact-info text-center\"><i class=\"fa fa-map-marker\"><\/i><span>Via Posidonia 164, scala B1 5\u00b0 piano, Salerno<\/span>\n\t\t<\/p><p class=\"contact-info text-center\"><i class=\"fa fa-phone\"><\/i><span>+39 340 9001065<\/span>\n\t\t<\/p><p class=\"contact-info text-center\"><i class=\"fa fa-envelope-o\"><\/i>\n\t\t\t        \t<a href=\"#\" title=\"\" target=\"_top\">info@bebvillacarrara.it<\/a><\/p>[\/vc_column_inner][\/vc_row_inner][vc_row_inner][vc_column_inner width=\u00bb1\/2&#8243;][vc_gmaps link=\u00bb#E-8_JTNDaWZyYW1lJTIwc3JjJTNEJTIyaHR0cHMlM0ElMkYlMkZ3d3cuZ29vZ2xlLmNvbSUyRm1hcHMlMkZlbWJlZCUzRnBiJTNEJTIxMW0xOCUyMTFtMTIlMjExbTMlMjExZDEyMTA1LjIxMTY4NTY5NDAzNiUyMTJkMTQuNzg0NjE1OTkxNzg2Mjk4JTIxM2Q0MC42NjcyOTQwNDUyMjE5JTIxMm0zJTIxMWYwJTIxMmYwJTIxM2YwJTIxM20yJTIxMWkxMDI0JTIxMmk3NjglMjE0ZjEzLjElMjEzbTMlMjExbTIlMjExczB4MTMzYmMyNWUxMGZkNjFiOSUyNTNBMHgxMzFiOTAzN2Y5ZDg4N2Q4JTIxMnNCJTJCJTI1MjYlMkJCJTJCVmlsbGElMkJDYXJyYXJhJTIxNWUwJTIxM20yJTIxMXNpdCUyMTJzaXQlMjE0djE1MTU2NzMyNDk0NjAlMjIlMjB3aWR0aCUzRCUyMjEwMCUyNSUyMiUyMGhlaWdodCUzRCUyMjQ1MCUyMiUyMGZyYW1lYm9yZGVyJTNEJTIyMCUyMiUyMHN0eWxlJTNEJTIyYm9yZGVyJTNBMCUyMiUyMGFsbG93ZnVsbHNjcmVlbiUzRSUzQyUyRmlmcmFtZSUzRQ==\u00bb size=\u00bb362&#8243; css=\u00bb.vc_custom_1515673272425{margin-bottom: 0px !important;}\u00bb][\/vc_column_inner][vc_column_inner width=\u00bb1\/2&#8243;]<div class=\"contact\">\n<div class=\"wpcf7 no-js\" id=\"wpcf7-f460-o1\" lang=\"en-US\" dir=\"ltr\" data-wpcf7-id=\"460\">\n<div class=\"screen-reader-response\"><p role=\"status\" aria-live=\"polite\" aria-atomic=\"true\"><\/p> <ul><\/ul><\/div>\n<form action=\"\/es\/wp-json\/wp\/v2\/pages\/472#wpcf7-f460-o1\" method=\"post\" class=\"wpcf7-form init\" aria-label=\"Contact form\" novalidate=\"novalidate\" data-status=\"init\">\n<fieldset class=\"hidden-fields-container\"><input type=\"hidden\" name=\"_wpcf7\" value=\"460\" \/><input type=\"hidden\" name=\"_wpcf7_version\" value=\"6.1.6\" \/><input type=\"hidden\" name=\"_wpcf7_locale\" value=\"en_US\" \/><input type=\"hidden\" name=\"_wpcf7_unit_tag\" value=\"wpcf7-f460-o1\" \/><input type=\"hidden\" name=\"_wpcf7_container_post\" value=\"0\" \/><input type=\"hidden\" name=\"_wpcf7_posted_data_hash\" value=\"\" \/><input type=\"hidden\" name=\"_wpcf7_recaptcha_response\" value=\"\" \/>\n<\/fieldset>\n<div class=\"form-group\">\n\t<p><span class=\"wpcf7-form-control-wrap\" data-name=\"Complete-Name\"><input size=\"40\" maxlength=\"400\" class=\"wpcf7-form-control wpcf7-text wpcf7-validates-as-required\" aria-required=\"true\" aria-invalid=\"false\" placeholder=\"Nombre\" value=\"\" type=\"text\" name=\"Complete-Name\" \/><\/span>\n\t<\/p>\n<\/div>\n<div class=\"form-group\">\n\t<p><span class=\"wpcf7-form-control-wrap\" data-name=\"Phone\"><input size=\"40\" maxlength=\"400\" class=\"wpcf7-form-control wpcf7-tel wpcf7-validates-as-required wpcf7-text wpcf7-validates-as-tel\" aria-required=\"true\" aria-invalid=\"false\" placeholder=\"Numero de cameras\" value=\"\" type=\"tel\" name=\"Phone\" \/><\/span>\n\t<\/p>\n<\/div>\n<div class=\"form-group\">\n\t<p><span class=\"wpcf7-form-control-wrap\" data-name=\"Email\"><input size=\"40\" maxlength=\"400\" class=\"wpcf7-form-control wpcf7-email wpcf7-validates-as-required wpcf7-text wpcf7-validates-as-email\" aria-required=\"true\" aria-invalid=\"false\" placeholder=\"Email\" value=\"\" type=\"email\" name=\"Email\" \/><\/span>\n\t<\/p>\n<\/div>\n<div class=\"form-group\">\n\t<p><span class=\"wpcf7-form-control-wrap\" data-name=\"Message\"><textarea cols=\"40\" rows=\"10\" maxlength=\"2000\" class=\"wpcf7-form-control wpcf7-textarea wpcf7-validates-as-required\" aria-required=\"true\" aria-invalid=\"false\" placeholder=\"Mensaje\" name=\"Message\"><\/textarea><\/span>\n\t<\/p>\n<\/div>\n<p><span class=\"wpcf7-form-control-wrap\" data-name=\"privacypolicy\"><span class=\"wpcf7-form-control wpcf7-acceptance\"><span class=\"wpcf7-list-item\"><label><input type=\"checkbox\" name=\"privacypolicy\" value=\"1\" aria-invalid=\"false\" \/><span class=\"wpcf7-list-item-label\">Presto il consenso al trattamento dei dati inseriti nel form (obbligatorio). Per maggiori info consulta la <a href=\"\/privacy-policy\/\">privacy policy del sito<\/a><\/span><\/label><\/span><\/span><\/span>\n<\/p>\n<div class=\"form-group\">\n\t<p><input class=\"wpcf7-form-control wpcf7-submit has-spinner\" type=\"submit\" value=\"Presentar\" \/>\n\t<\/p>\n<\/div><div class=\"wpcf7-response-output\" aria-hidden=\"true\"><\/div>\n<\/form>\n<\/div>\n<\/div>[\/vc_column_inner][\/vc_row_inner][\/vc_column][\/vc_row]<\/p>\n<\/div>","protected":false},"excerpt":{"rendered":"<p>[vc_row full_width=\u00bbstretch_row_content_no_spaces\u00bb el_id=\u00bbheader\u00bb][vc_column offset=\u00bbvc_hidden-md vc_hidden-sm vc_hidden-xs\u00bb][\/vc_column][\/vc_row][vc_row full_width=\u00bbstretch_row_content_no_spaces\u00bb css=\u00bb.vc_custom_1515670121084{padding-bottom: 100px !important;}\u00bb][vc_column offset=\u00bbvc_hidden-lg\u00bb][vc_single_image image=\u00bb329&#8243; img_size=\u00bbfull\u00bb alignment=\u00bbcenter\u00bb][vc_empty_space height=\u00bb15px\u00bb][vc_column_text] Libro [\/vc_column_text][\/vc_column][\/vc_row][vc_row full_width=\u00bbstretch_row\u00bb parallax=\u00bbcontent-moving\u00bb css=\u00bb.vc_custom_1512735758954{padding-top: 50px !important;padding-bottom: 90px !important;background-color: #f4f4f4 !important;}\u00bb el_id=\u00bbchi-siamo\u00bb][vc_column][vc_row_inner][vc_column_inner width=\u00bb1\/6&#8243;][\/vc_column_inner][vc_column_inner width=\u00bb2\/3&#8243;][vc_column_text] El recientemente inaugurado Villa Carrara B &amp; B, ubicado en Via Posidonia 164 en el distrito Pastena de Salerno, goza de una ubicaci\u00f3n envidiable a pocos [&hellip;]<\/p>\n","protected":false},"author":1,"featured_media":0,"parent":0,"menu_order":0,"comment_status":"closed","ping_status":"closed","template":"template-vc-blank.php","meta":{"footnotes":""},"class_list":["post-472","page","type-page","status-publish","hentry"],"yoast_head":"<!-- This site is optimized with the Yoast SEO plugin v28.0 - https:\/\/yoast.com\/product\/yoast-seo-wordpress\/ -->\n<title>B&amp;b Villa Carrara Bed and Breakfast Salerno<\/title>\n<meta name=\"robots\" content=\"index, follow, max-snippet:-1, max-image-preview:large, max-video-preview:-1\" \/>\n<link rel=\"canonical\" href=\"https:\/\/www.bebvillacarrara.it\/es\/home\/\" \/>\n<meta property=\"og:locale\" content=\"es_ES\" \/>\n<meta property=\"og:type\" content=\"article\" \/>\n<meta property=\"og:title\" content=\"B&amp;b Villa Carrara Bed and Breakfast Salerno\" \/>\n<meta property=\"og:description\" content=\"[vc_row full_width=\u00bbstretch_row_content_no_spaces\u00bb el_id=\u00bbheader\u00bb][vc_column offset=\u00bbvc_hidden-md vc_hidden-sm vc_hidden-xs\u00bb][\/vc_column][\/vc_row][vc_row full_width=\u00bbstretch_row_content_no_spaces\u00bb css=\u00bb.vc_custom_1515670121084{padding-bottom: 100px !important;}\u00bb][vc_column offset=\u00bbvc_hidden-lg\u00bb][vc_single_image image=\u00bb329&#8243; img_size=\u00bbfull\u00bb alignment=\u00bbcenter\u00bb][vc_empty_space height=\u00bb15px\u00bb][vc_column_text] Libro [\/vc_column_text][\/vc_column][\/vc_row][vc_row full_width=\u00bbstretch_row\u00bb parallax=\u00bbcontent-moving\u00bb css=\u00bb.vc_custom_1512735758954{padding-top: 50px !important;padding-bottom: 90px !important;background-color: #f4f4f4 !important;}\u00bb el_id=\u00bbchi-siamo\u00bb][vc_column][vc_row_inner][vc_column_inner width=\u00bb1\/6&#8243;][\/vc_column_inner][vc_column_inner width=\u00bb2\/3&#8243;][vc_column_text] El recientemente inaugurado Villa Carrara B &amp; B, ubicado en Via Posidonia 164 en el distrito Pastena de Salerno, goza de una ubicaci\u00f3n envidiable a pocos [&hellip;]\" \/>\n<meta property=\"og:url\" content=\"https:\/\/www.bebvillacarrara.it\/es\/home\/\" \/>\n<meta property=\"og:site_name\" content=\"B&amp;b - Villa Carrara\" \/>\n<meta property=\"article:modified_time\" content=\"2022-12-29T15:07:15+00:00\" \/>\n<meta name=\"twitter:card\" content=\"summary_large_image\" \/>\n<meta name=\"twitter:label1\" content=\"Tiempo de lectura\" \/>\n\t<meta name=\"twitter:data1\" content=\"9 minutos\" \/>\n<script type=\"application\/ld+json\" class=\"yoast-schema-graph\">{\"@context\":\"https:\\\/\\\/schema.org\",\"@graph\":[{\"@type\":\"WebPage\",\"@id\":\"https:\\\/\\\/www.bebvillacarrara.it\\\/es\\\/home\\\/\",\"url\":\"https:\\\/\\\/www.bebvillacarrara.it\\\/es\\\/home\\\/\",\"name\":\"B&b Villa Carrara Bed and Breakfast Salerno\",\"isPartOf\":{\"@id\":\"https:\\\/\\\/www.bebvillacarrara.it\\\/#website\"},\"datePublished\":\"2018-04-30T09:57:38+00:00\",\"dateModified\":\"2022-12-29T15:07:15+00:00\",\"breadcrumb\":{\"@id\":\"https:\\\/\\\/www.bebvillacarrara.it\\\/es\\\/home\\\/#breadcrumb\"},\"inLanguage\":\"es\",\"potentialAction\":[{\"@type\":\"ReadAction\",\"target\":[\"https:\\\/\\\/www.bebvillacarrara.it\\\/es\\\/home\\\/\"]}]},{\"@type\":\"BreadcrumbList\",\"@id\":\"https:\\\/\\\/www.bebvillacarrara.it\\\/es\\\/home\\\/#breadcrumb\",\"itemListElement\":[{\"@type\":\"ListItem\",\"position\":1,\"name\":\"Home\",\"item\":\"https:\\\/\\\/www.bebvillacarrara.it\\\/es\\\/home\\\/\"},{\"@type\":\"ListItem\",\"position\":2,\"name\":\"Home\"}]},{\"@type\":\"WebSite\",\"@id\":\"https:\\\/\\\/www.bebvillacarrara.it\\\/#website\",\"url\":\"https:\\\/\\\/www.bebvillacarrara.it\\\/\",\"name\":\"B&b - Villa Carrara\",\"description\":\"B&amp;b Villa Carrara Bed and Breakfast Salerno\",\"publisher\":{\"@id\":\"https:\\\/\\\/www.bebvillacarrara.it\\\/#organization\"},\"potentialAction\":[{\"@type\":\"SearchAction\",\"target\":{\"@type\":\"EntryPoint\",\"urlTemplate\":\"https:\\\/\\\/www.bebvillacarrara.it\\\/?s={search_term_string}\"},\"query-input\":{\"@type\":\"PropertyValueSpecification\",\"valueRequired\":true,\"valueName\":\"search_term_string\"}}],\"inLanguage\":\"es\"},{\"@type\":\"Organization\",\"@id\":\"https:\\\/\\\/www.bebvillacarrara.it\\\/#organization\",\"name\":\"B&b - Villa Carrara\",\"url\":\"https:\\\/\\\/www.bebvillacarrara.it\\\/\",\"logo\":{\"@type\":\"ImageObject\",\"inLanguage\":\"es\",\"@id\":\"https:\\\/\\\/www.bebvillacarrara.it\\\/#\\\/schema\\\/logo\\\/image\\\/\",\"url\":\"https:\\\/\\\/www.bebvillacarrara.it\\\/wp-content\\\/uploads\\\/2017\\\/12\\\/logo.jpg\",\"contentUrl\":\"https:\\\/\\\/www.bebvillacarrara.it\\\/wp-content\\\/uploads\\\/2017\\\/12\\\/logo.jpg\",\"width\":153,\"height\":128,\"caption\":\"B&b - Villa Carrara\"},\"image\":{\"@id\":\"https:\\\/\\\/www.bebvillacarrara.it\\\/#\\\/schema\\\/logo\\\/image\\\/\"}}]}<\/script>\n<!-- \/ Yoast SEO plugin. -->","yoast_head_json":{"title":"B&b Villa Carrara Bed and Breakfast Salerno","robots":{"index":"index","follow":"follow","max-snippet":"max-snippet:-1","max-image-preview":"max-image-preview:large","max-video-preview":"max-video-preview:-1"},"canonical":"https:\/\/www.bebvillacarrara.it\/es\/home\/","og_locale":"es_ES","og_type":"article","og_title":"B&b Villa Carrara Bed and Breakfast Salerno","og_description":"[vc_row full_width=\u00bbstretch_row_content_no_spaces\u00bb el_id=\u00bbheader\u00bb][vc_column offset=\u00bbvc_hidden-md vc_hidden-sm vc_hidden-xs\u00bb][\/vc_column][\/vc_row][vc_row full_width=\u00bbstretch_row_content_no_spaces\u00bb css=\u00bb.vc_custom_1515670121084{padding-bottom: 100px !important;}\u00bb][vc_column offset=\u00bbvc_hidden-lg\u00bb][vc_single_image image=\u00bb329&#8243; img_size=\u00bbfull\u00bb alignment=\u00bbcenter\u00bb][vc_empty_space height=\u00bb15px\u00bb][vc_column_text] Libro [\/vc_column_text][\/vc_column][\/vc_row][vc_row full_width=\u00bbstretch_row\u00bb parallax=\u00bbcontent-moving\u00bb css=\u00bb.vc_custom_1512735758954{padding-top: 50px !important;padding-bottom: 90px !important;background-color: #f4f4f4 !important;}\u00bb el_id=\u00bbchi-siamo\u00bb][vc_column][vc_row_inner][vc_column_inner width=\u00bb1\/6&#8243;][\/vc_column_inner][vc_column_inner width=\u00bb2\/3&#8243;][vc_column_text] El recientemente inaugurado Villa Carrara B &amp; B, ubicado en Via Posidonia 164 en el distrito Pastena de Salerno, goza de una ubicaci\u00f3n envidiable a pocos [&hellip;]","og_url":"https:\/\/www.bebvillacarrara.it\/es\/home\/","og_site_name":"B&amp;b - Villa Carrara","article_modified_time":"2022-12-29T15:07:15+00:00","twitter_card":"summary_large_image","twitter_misc":{"Tiempo de lectura":"9 minutos"},"schema":{"@context":"https:\/\/schema.org","@graph":[{"@type":"WebPage","@id":"https:\/\/www.bebvillacarrara.it\/es\/home\/","url":"https:\/\/www.bebvillacarrara.it\/es\/home\/","name":"B&b Villa Carrara Bed and Breakfast Salerno","isPartOf":{"@id":"https:\/\/www.bebvillacarrara.it\/#website"},"datePublished":"2018-04-30T09:57:38+00:00","dateModified":"2022-12-29T15:07:15+00:00","breadcrumb":{"@id":"https:\/\/www.bebvillacarrara.it\/es\/home\/#breadcrumb"},"inLanguage":"es","potentialAction":[{"@type":"ReadAction","target":["https:\/\/www.bebvillacarrara.it\/es\/home\/"]}]},{"@type":"BreadcrumbList","@id":"https:\/\/www.bebvillacarrara.it\/es\/home\/#breadcrumb","itemListElement":[{"@type":"ListItem","position":1,"name":"Home","item":"https:\/\/www.bebvillacarrara.it\/es\/home\/"},{"@type":"ListItem","position":2,"name":"Home"}]},{"@type":"WebSite","@id":"https:\/\/www.bebvillacarrara.it\/#website","url":"https:\/\/www.bebvillacarrara.it\/","name":"B&b - Villa Carrara","description":"B&amp;b Villa Carrara Bed and Breakfast Salerno","publisher":{"@id":"https:\/\/www.bebvillacarrara.it\/#organization"},"potentialAction":[{"@type":"SearchAction","target":{"@type":"EntryPoint","urlTemplate":"https:\/\/www.bebvillacarrara.it\/?s={search_term_string}"},"query-input":{"@type":"PropertyValueSpecification","valueRequired":true,"valueName":"search_term_string"}}],"inLanguage":"es"},{"@type":"Organization","@id":"https:\/\/www.bebvillacarrara.it\/#organization","name":"B&b - Villa Carrara","url":"https:\/\/www.bebvillacarrara.it\/","logo":{"@type":"ImageObject","inLanguage":"es","@id":"https:\/\/www.bebvillacarrara.it\/#\/schema\/logo\/image\/","url":"https:\/\/www.bebvillacarrara.it\/wp-content\/uploads\/2017\/12\/logo.jpg","contentUrl":"https:\/\/www.bebvillacarrara.it\/wp-content\/uploads\/2017\/12\/logo.jpg","width":153,"height":128,"caption":"B&b - Villa Carrara"},"image":{"@id":"https:\/\/www.bebvillacarrara.it\/#\/schema\/logo\/image\/"}}]}},"_links":{"self":[{"href":"https:\/\/www.bebvillacarrara.it\/es\/wp-json\/wp\/v2\/pages\/472","targetHints":{"allow":["GET"]}}],"collection":[{"href":"https:\/\/www.bebvillacarrara.it\/es\/wp-json\/wp\/v2\/pages"}],"about":[{"href":"https:\/\/www.bebvillacarrara.it\/es\/wp-json\/wp\/v2\/types\/page"}],"author":[{"embeddable":true,"href":"https:\/\/www.bebvillacarrara.it\/es\/wp-json\/wp\/v2\/users\/1"}],"replies":[{"embeddable":true,"href":"https:\/\/www.bebvillacarrara.it\/es\/wp-json\/wp\/v2\/comments?post=472"}],"version-history":[{"count":22,"href":"https:\/\/www.bebvillacarrara.it\/es\/wp-json\/wp\/v2\/pages\/472\/revisions"}],"predecessor-version":[{"id":3487,"href":"https:\/\/www.bebvillacarrara.it\/es\/wp-json\/wp\/v2\/pages\/472\/revisions\/3487"}],"wp:attachment":[{"href":"https:\/\/www.bebvillacarrara.it\/es\/wp-json\/wp\/v2\/media?parent=472"}],"curies":[{"name":"wp","href":"https:\/\/api.w.org\/{rel}","templated":true}]}}