{"id":637,"date":"2018-05-09T13:07:23","date_gmt":"2018-05-09T11:07:23","guid":{"rendered":"https:\/\/www.bebvillacarrara.it\/home\/"},"modified":"2022-12-29T16:05:25","modified_gmt":"2022-12-29T15:05:25","slug":"home","status":"publish","type":"page","link":"https:\/\/www.bebvillacarrara.it\/de\/","title":{"rendered":"Home"},"content":{"rendered":"<div class=\"wpb-content-wrapper\"><p>[vc_row full_width=&#8220;stretch_row_content_no_spaces&#8220; el_id=&#8220;header&#8220;][vc_column offset=&#8220;vc_hidden-md vc_hidden-sm vc_hidden-xs&#8220;]\n\t\t\t<div class=\"hero-header\">\n\t\t\t\t<div class=\"flex-container-wrapper\">\n\t\t\t\t\t<div class=\"header-content\">\n\t\t\t\t\t\t<div class=\"overlay\"><\/div>\n\t\t\t\t\t\t<div id=\"header-90sod123jkk0-sliding\" class=\"carousel slide\" data-ride=\"carousel\" data-interval=\"4000\">\n\t\t\t\t\t\t\t<div class=\"carousel-inner\" role=\"listbox\"><div class=\"item active\"  style=\"background-image: url(https:\/\/www.bebvillacarrara.it\/wp-content\/uploads\/2017\/12\/header-background-1-1-1.jpg);\"><\/div><\/div>\n\t\t\t\t\t\t<\/div>\n\n\n\t\t\t\t\t\t<div class=\"content-overlay \">\n\t\t\t\t\t\t\t<div class=\"container\">\n\t\t\t\t\t\t\t\t<div class=\"row\">\n\t\t\t\t\t\t\t\t\t<div class=\"col-md-12\">\n\t\t\t\t\t\t\t\t\t\t<h1>Hier buchen&nbsp;<\/h1>\n\t\t\t\t\t\t\t\t\t\t<p>Hier anmelden und Aufenthalt buchen<\/p>\n\t\t\t\t\t\t\t\t\t<\/div><div class=\"form-container col-sm-12\"><a id=\"RoomRaccoonButton1-it\" style=\"top: 60px;\" href=\"https:\/\/book.octorate.com\/octobook\/site\/reservation\/calendar.xhtml?codice=748885&amp;lang=IT&amp;room=482175\" target=\"_blank\" rel=\"noopener noreferrer\">Buchen<\/a><\/div><\/div>\n\t\t\t\t\t\t\t<\/div>\n\t\t\t\t\t\t<\/div>\n\n\t\t\t\t\t<\/div>\n\t\t\t\t<\/div>\n\t\t\t<\/div>\n\t\t[\/vc_column][\/vc_row][vc_row full_width=&#8220;stretch_row_content_no_spaces&#8220; css=&#8220;.vc_custom_1515670121084{padding-bottom: 100px !important;}&#8220;][vc_column offset=&#8220;vc_hidden-lg&#8220;][vc_single_image image=&#8220;329&#8243; img_size=&#8220;full&#8220; alignment=&#8220;center&#8220;][vc_empty_space height=&#8220;15px&#8220;]<div class=\"section-heading text-center \" style=\" padding-bottom: 10px; \">\n\t\t\t<p class=\"above-header\">Prenotazioni<\/p>\n\t\t\t<h2>Prenota qui<\/h2><\/div>[vc_column_text]<\/p>\n<p style=\"text-align: center;\"><a id=\"RoomRaccoonButton1-it-mobile\" href=\"https:\/\/book.octorate.com\/octobook\/site\/reservation\/calendar.xhtml?codice=748885&#038;amp ;lang=DE&amp;room=482175\" target=\"_blank\" rel=\"noopener noreferrer\">Buchen<\/a><\/p>\n<p>[\/vc_column_text][\/vc_column][\/vc_row][vc_row full_width=&#8220;stretch_row&#8220; parallax=&#8220;content-moving&#8220; css=&#8220;.vc_custom_1512735758954{padding-top: 50px !important;padding-bottom: 90px !important;background-color: #f4f4f4 !important;}&#8220; el_id=&#8220;chi-siamo&#8220;][vc_column]<div class=\"section-heading text-center \">\n\t\t\t<p class=\"above-header\">Chi siamo<\/p>\n\t\t\t<h2>B&amp;B Villa Carrara<\/h2><\/div>[vc_row_inner][vc_column_inner width=&#8220;1\/6&#8243;][\/vc_column_inner][vc_column_inner width=&#8220;2\/3&#8243;][vc_column_text]<br \/>\nDas erst k\u00fcrzlich er\u00f6ffnete <em>Villa Carrara B &amp; B<\/em> in der Via Posidonia 164 im Stadtteil Pastena von Salerno besticht durch seine beneidenswerte Lage nur wenige Schritte vom Zentrum und den Einkaufsstra\u00dfen, dem Meer und den Strandb\u00e4dern entfernt. Dank der N\u00e4he zur <strong>U-Bahnstation<\/strong> und den Haltestellen der <strong>Stadt- und Vorortbusse<\/strong> sind auch andere touristische Ziele wie Salerno, <strong>Cilento und Amalfi, Paestum, die Inseln Capri und Ischia<\/strong> leicht zu erreichen.<\/p>\n<p>Unser B &amp; B ist ein modernes, <strong>intelligentes Haus<\/strong>. Bis ins Detail durchdacht, verf\u00fcgt es \u00fcber ein integriertes <strong>Hausautomationssystem<\/strong>, um den Komfort und die Sicherheit der Kunden zu verbessern und den Energieverbrauch und die Umweltbelastung zu reduzieren.<\/p>\n<p>Das B &amp; B Villa Carrara, eingetaucht in das Herz von Salerno, der Stadt des Meeres, gutes Essen und die ber\u00fchmte &#8222;<strong>Luci D&#8217;Artista<\/strong>&#8222;, hat seinen Namen von der benachbarten <em><strong>Villa Carrara<\/strong><\/em>, renommierte Adelsresidenz aus dem achtzehnten Jahrhundert von die Familie Carrara. Villa Carrara ist eine der vielen historischen und architektonischen Sch\u00f6nheiten der Stadt Salerno, ber\u00fchmt daf\u00fcr, dass sie mehrmals Karl III. Von Spanien, dann K\u00f6nig von Neapel und Sizilien beherbergt hat, wie auch Giacomo Casanova in seinen Werken erz\u00e4hlt.<br \/>\n[\/vc_column_text][\/vc_column_inner][vc_column_inner width=&#8220;1\/6&#8243;][\/vc_column_inner][\/vc_row_inner]<div class=\"swiper-container carousel-gallery\">\n\t\t\t<div class=\"swiper-wrapper\"><div class=\"swiper-slide\">\n\t\t\t\t\t<a href=\"https:\/\/www.bebvillacarrara.it\/wp-content\/uploads\/2018\/08\/D4B_2557.jpg\" class=\"popup-link\" data-effect=\"fadeIn\">\n\t\t\t\t\t\t<div class=\"image-container\">\n\t\t\t\t\t\t\t<img decoding=\"async\" class=\"img-responsive\" src=\"https:\/\/www.bebvillacarrara.it\/wp-content\/uploads\/2018\/08\/D4B_2557-365x230.jpg\" alt=\"\">\n\t\t\t\t\t\t<\/div>\n\t\t\t\t\t<\/a>\n\t\t\t\t<\/div><div class=\"swiper-slide\">\n\t\t\t\t\t<a href=\"https:\/\/www.bebvillacarrara.it\/wp-content\/uploads\/2018\/08\/D4B_2497.jpg\" class=\"popup-link\" data-effect=\"fadeIn\">\n\t\t\t\t\t\t<div class=\"image-container\">\n\t\t\t\t\t\t\t<img decoding=\"async\" class=\"img-responsive\" src=\"https:\/\/www.bebvillacarrara.it\/wp-content\/uploads\/2018\/08\/D4B_2497-365x230.jpg\" alt=\"\">\n\t\t\t\t\t\t<\/div>\n\t\t\t\t\t<\/a>\n\t\t\t\t<\/div><div class=\"swiper-slide\">\n\t\t\t\t\t<a href=\"https:\/\/www.bebvillacarrara.it\/wp-content\/uploads\/2018\/08\/D4B_2499.jpg\" class=\"popup-link\" data-effect=\"fadeIn\">\n\t\t\t\t\t\t<div class=\"image-container\">\n\t\t\t\t\t\t\t<img decoding=\"async\" class=\"img-responsive\" src=\"https:\/\/www.bebvillacarrara.it\/wp-content\/uploads\/2018\/08\/D4B_2499-365x230.jpg\" alt=\"\">\n\t\t\t\t\t\t<\/div>\n\t\t\t\t\t<\/a>\n\t\t\t\t<\/div><div class=\"swiper-slide\">\n\t\t\t\t\t<a href=\"https:\/\/www.bebvillacarrara.it\/wp-content\/uploads\/2018\/08\/D4B_2493.jpg\" class=\"popup-link\" data-effect=\"fadeIn\">\n\t\t\t\t\t\t<div class=\"image-container\">\n\t\t\t\t\t\t\t<img decoding=\"async\" class=\"img-responsive\" src=\"https:\/\/www.bebvillacarrara.it\/wp-content\/uploads\/2018\/08\/D4B_2493-365x230.jpg\" alt=\"\">\n\t\t\t\t\t\t<\/div>\n\t\t\t\t\t<\/a>\n\t\t\t\t<\/div><div class=\"swiper-slide\">\n\t\t\t\t\t<a href=\"https:\/\/www.bebvillacarrara.it\/wp-content\/uploads\/2018\/08\/D4B_2480.jpg\" class=\"popup-link\" data-effect=\"fadeIn\">\n\t\t\t\t\t\t<div class=\"image-container\">\n\t\t\t\t\t\t\t<img decoding=\"async\" class=\"img-responsive\" src=\"https:\/\/www.bebvillacarrara.it\/wp-content\/uploads\/2018\/08\/D4B_2480-365x230.jpg\" alt=\"\">\n\t\t\t\t\t\t<\/div>\n\t\t\t\t\t<\/a>\n\t\t\t\t<\/div><div class=\"swiper-slide\">\n\t\t\t\t\t<a href=\"https:\/\/www.bebvillacarrara.it\/wp-content\/uploads\/2018\/08\/D4B_2485.jpg\" class=\"popup-link\" data-effect=\"fadeIn\">\n\t\t\t\t\t\t<div class=\"image-container\">\n\t\t\t\t\t\t\t<img decoding=\"async\" class=\"img-responsive\" src=\"https:\/\/www.bebvillacarrara.it\/wp-content\/uploads\/2018\/08\/D4B_2485-365x230.jpg\" alt=\"\">\n\t\t\t\t\t\t<\/div>\n\t\t\t\t\t<\/a>\n\t\t\t\t<\/div><div class=\"swiper-slide\">\n\t\t\t\t\t<a href=\"https:\/\/www.bebvillacarrara.it\/wp-content\/uploads\/2018\/08\/D4B_2489.jpg\" class=\"popup-link\" data-effect=\"fadeIn\">\n\t\t\t\t\t\t<div class=\"image-container\">\n\t\t\t\t\t\t\t<img decoding=\"async\" class=\"img-responsive\" src=\"https:\/\/www.bebvillacarrara.it\/wp-content\/uploads\/2018\/08\/D4B_2489-365x230.jpg\" alt=\"\">\n\t\t\t\t\t\t<\/div>\n\t\t\t\t\t<\/a>\n\t\t\t\t<\/div><div class=\"swiper-slide\">\n\t\t\t\t\t<a href=\"https:\/\/www.bebvillacarrara.it\/wp-content\/uploads\/2018\/08\/D4B_2510.jpg\" class=\"popup-link\" data-effect=\"fadeIn\">\n\t\t\t\t\t\t<div class=\"image-container\">\n\t\t\t\t\t\t\t<img decoding=\"async\" class=\"img-responsive\" src=\"https:\/\/www.bebvillacarrara.it\/wp-content\/uploads\/2018\/08\/D4B_2510-365x230.jpg\" alt=\"\">\n\t\t\t\t\t\t<\/div>\n\t\t\t\t\t<\/a>\n\t\t\t\t<\/div><div class=\"swiper-slide\">\n\t\t\t\t\t<a href=\"https:\/\/www.bebvillacarrara.it\/wp-content\/uploads\/2018\/08\/D4B_2472.jpg\" class=\"popup-link\" data-effect=\"fadeIn\">\n\t\t\t\t\t\t<div class=\"image-container\">\n\t\t\t\t\t\t\t<img decoding=\"async\" class=\"img-responsive\" src=\"https:\/\/www.bebvillacarrara.it\/wp-content\/uploads\/2018\/08\/D4B_2472-365x230.jpg\" alt=\"\">\n\t\t\t\t\t\t<\/div>\n\t\t\t\t\t<\/a>\n\t\t\t\t<\/div><div class=\"swiper-slide\">\n\t\t\t\t\t<a href=\"https:\/\/www.bebvillacarrara.it\/wp-content\/uploads\/2018\/08\/BAGNO-BELLAVISTA.jpg\" class=\"popup-link\" data-effect=\"fadeIn\">\n\t\t\t\t\t\t<div class=\"image-container\">\n\t\t\t\t\t\t\t<img decoding=\"async\" class=\"img-responsive\" src=\"https:\/\/www.bebvillacarrara.it\/wp-content\/uploads\/2018\/08\/BAGNO-BELLAVISTA-365x230.jpg\" alt=\"\">\n\t\t\t\t\t\t<\/div>\n\t\t\t\t\t<\/a>\n\t\t\t\t<\/div><div class=\"swiper-slide\">\n\t\t\t\t\t<a href=\"https:\/\/www.bebvillacarrara.it\/wp-content\/uploads\/2018\/08\/D4B_2461.jpg\" class=\"popup-link\" data-effect=\"fadeIn\">\n\t\t\t\t\t\t<div class=\"image-container\">\n\t\t\t\t\t\t\t<img decoding=\"async\" class=\"img-responsive\" src=\"https:\/\/www.bebvillacarrara.it\/wp-content\/uploads\/2018\/08\/D4B_2461-365x230.jpg\" alt=\"\">\n\t\t\t\t\t\t<\/div>\n\t\t\t\t\t<\/a>\n\t\t\t\t<\/div><div class=\"swiper-slide\">\n\t\t\t\t\t<a href=\"https:\/\/www.bebvillacarrara.it\/wp-content\/uploads\/2018\/08\/D4B_2465.jpg\" class=\"popup-link\" data-effect=\"fadeIn\">\n\t\t\t\t\t\t<div class=\"image-container\">\n\t\t\t\t\t\t\t<img decoding=\"async\" class=\"img-responsive\" src=\"https:\/\/www.bebvillacarrara.it\/wp-content\/uploads\/2018\/08\/D4B_2465-365x230.jpg\" alt=\"\">\n\t\t\t\t\t\t<\/div>\n\t\t\t\t\t<\/a>\n\t\t\t\t<\/div><div class=\"swiper-slide\">\n\t\t\t\t\t<a href=\"https:\/\/www.bebvillacarrara.it\/wp-content\/uploads\/2018\/08\/D4B_2467.jpg\" class=\"popup-link\" data-effect=\"fadeIn\">\n\t\t\t\t\t\t<div class=\"image-container\">\n\t\t\t\t\t\t\t<img decoding=\"async\" class=\"img-responsive\" src=\"https:\/\/www.bebvillacarrara.it\/wp-content\/uploads\/2018\/08\/D4B_2467-365x230.jpg\" alt=\"\">\n\t\t\t\t\t\t<\/div>\n\t\t\t\t\t<\/a>\n\t\t\t\t<\/div><div class=\"swiper-slide\">\n\t\t\t\t\t<a href=\"https:\/\/www.bebvillacarrara.it\/wp-content\/uploads\/2019\/08\/camera-amalfi-2.jpg\" class=\"popup-link\" data-effect=\"fadeIn\">\n\t\t\t\t\t\t<div class=\"image-container\">\n\t\t\t\t\t\t\t<img decoding=\"async\" class=\"img-responsive\" src=\"https:\/\/www.bebvillacarrara.it\/wp-content\/uploads\/2019\/08\/camera-amalfi-2-365x230.jpg\" alt=\"\">\n\t\t\t\t\t\t<\/div>\n\t\t\t\t\t<\/a>\n\t\t\t\t<\/div><div class=\"swiper-slide\">\n\t\t\t\t\t<a href=\"https:\/\/www.bebvillacarrara.it\/wp-content\/uploads\/2019\/08\/camera-amalfi-3.jpg\" class=\"popup-link\" data-effect=\"fadeIn\">\n\t\t\t\t\t\t<div class=\"image-container\">\n\t\t\t\t\t\t\t<img decoding=\"async\" class=\"img-responsive\" src=\"https:\/\/www.bebvillacarrara.it\/wp-content\/uploads\/2019\/08\/camera-amalfi-3-365x230.jpg\" alt=\"\">\n\t\t\t\t\t\t<\/div>\n\t\t\t\t\t<\/a>\n\t\t\t\t<\/div><div class=\"swiper-slide\">\n\t\t\t\t\t<a href=\"https:\/\/www.bebvillacarrara.it\/wp-content\/uploads\/2019\/08\/camera-amalfi-1.jpg\" class=\"popup-link\" data-effect=\"fadeIn\">\n\t\t\t\t\t\t<div class=\"image-container\">\n\t\t\t\t\t\t\t<img decoding=\"async\" class=\"img-responsive\" src=\"https:\/\/www.bebvillacarrara.it\/wp-content\/uploads\/2019\/08\/camera-amalfi-1-365x230.jpg\" alt=\"\">\n\t\t\t\t\t\t<\/div>\n\t\t\t\t\t<\/a>\n\t\t\t\t<\/div><div class=\"swiper-slide\">\n\t\t\t\t\t<a href=\"https:\/\/www.bebvillacarrara.it\/wp-content\/uploads\/2019\/08\/camera-amalfi-1-1.jpg\" class=\"popup-link\" data-effect=\"fadeIn\">\n\t\t\t\t\t\t<div class=\"image-container\">\n\t\t\t\t\t\t\t<img decoding=\"async\" class=\"img-responsive\" src=\"https:\/\/www.bebvillacarrara.it\/wp-content\/uploads\/2019\/08\/camera-amalfi-1-1-365x230.jpg\" alt=\"\">\n\t\t\t\t\t\t<\/div>\n\t\t\t\t\t<\/a>\n\t\t\t\t<\/div>\n\t\t\t<\/div>\n\t\t\t<!-- Add Arrows -->\n\t\t\t<div class=\"swiper-button-prev\"><i class=\"fa fa-angle-left\"><\/i><\/div>\n\t\t\t<div class=\"swiper-button-next\"><i class=\"fa fa-angle-right\"><\/i><\/div>\n\t\t<\/div>[\/vc_column][\/vc_row][vc_row css=&#8220;.vc_custom_1511454655135{padding-top: 50px !important;padding-bottom: 90px !important;}&#8220; el_id=&#8220;camere&#8220;][vc_column]<div class=\"section-heading text-center \" style=\" padding-bottom: 10px; \">\n\t\t\t<p class=\"above-header\">Le camere<\/p>\n\t\t\t<h2>Comfort &amp; Relax<\/h2><p>Tutte le nostre camere dispongo dei seguenti servizi:<\/p><\/div>[vc_row_inner][vc_column_inner width=&#8220;1\/6&#8243;][\/vc_column_inner][vc_column_inner width=&#8220;2\/3&#8243;][vc_column_text]<br \/>\nVilla Carrara B &amp; B besteht aus vier Schlafzimmern mit allem Komfort, einem <strong>Essbereich \/ Fr\u00fchst\u00fccksbereich<\/strong> und Blick auf die K\u00fcste von Salerno.<\/p>\n<p>Die ger\u00e4umigen Zimmer der Villa Carrara wurden k\u00fcrzlich renoviert und sind in einem modernen Stil eingerichtet, um den G\u00e4sten maximale Entspannung zu bieten. Alle Zimmer sind mit <strong>Klimaanlage mit Windsystem<\/strong>, <strong>Smart-TV, Safe, Minibar, WLAN, eigenem Bad und elektrischen Schl\u00f6ssern<\/strong> ausgestattet. Ein echtes Smart House, das auf der einen Seite zum Wohl der G\u00e4ste entworfen wurde und auf der anderen Seite den Verbrauch reduziert und die Umwelt schont.<\/p>\n<ul>\n<li>Klimaanlage<\/li>\n<li>K\u00fchlschrank Bar<\/li>\n<li>Parkplatz<\/li>\n<li>Smart-TV<\/li>\n<li>W-lan<\/li>\n<\/ul>\n<p>[\/vc_column_text][\/vc_column_inner][vc_column_inner width=&#8220;1\/6&#8243;][\/vc_column_inner][\/vc_row_inner][\/vc_column][\/vc_row][vc_row full_width=&#8220;stretch_row_content_no_spaces&#8220; css=&#8220;.vc_custom_1564746168051{padding-right: 25px !important;padding-left: 25px !important;}&#8220;][vc_column]<ul class=\"room-facilities text-center list-unstyled list-inline\"><li>Klimaanlage<\/li><li>Minibar<\/li><li>Parkplatz<\/li><li>Smart TV<\/li><li>Wi-Fi<\/li><\/ul><div class=\"row\"><div class=\"col-sm-4 rooms-container \">\n\t\t\t\t\t<div class=\"text-center\">\n\t\t\t\t\t\t<a class=\"popup-with-move-anim\" href=\"#room-info\" data-url=\"https:\/\/www.bebvillacarrara.it\/de\/room\/amalfi\/\">\n\t\t\t\t\t\t\t<div class=\"image-container\"><img loading=\"lazy\" decoding=\"async\" width=\"640\" height=\"427\" src=\"https:\/\/www.bebvillacarrara.it\/wp-content\/uploads\/2019\/08\/camera-amalfi-1024x683.jpg\" class=\"img-responsive wp-post-image\" alt=\"Amalfi\" srcset=\"https:\/\/www.bebvillacarrara.it\/wp-content\/uploads\/2019\/08\/camera-amalfi-1024x683.jpg 1024w, https:\/\/www.bebvillacarrara.it\/wp-content\/uploads\/2019\/08\/camera-amalfi-300x200.jpg 300w, https:\/\/www.bebvillacarrara.it\/wp-content\/uploads\/2019\/08\/camera-amalfi-768x512.jpg 768w, https:\/\/www.bebvillacarrara.it\/wp-content\/uploads\/2019\/08\/camera-amalfi.jpg 1200w\" sizes=\"auto, (max-width: 640px) 100vw, 640px\" \/><\/div>\n\t\t\t\t\t\t<\/a>\n\t\t\t\t\t\t<h4>Amalfi<\/h4>\n\t\t\t\t\t\t<div class=\"post-content\"><p>Das Amalfi-Zimmer ist ein ger\u00e4umiges und komfortables Doppelzimmer, das in modernem Stil eingerichtet ist und \u00fcber einen Kleiderschrank, einen Schreibtisch, einen Minik\u00fchlschrank, einen Smart-TV, kostenfreies WLAN und eine Klimaanlage mit windfreiem System verf\u00fcgt<\/p>\n<\/div>\n\t                   \t<a class=\"button rml_bttn outline popup-with-move-anim\" href=\"#room-info\" data-id=\"863\" data-url=\"https:\/\/www.bebvillacarrara.it\/de\/room\/amalfi\/\">Details<\/a>\n\t\t\t\t\t<\/div>\n\t\t\t\t<\/div><div class=\"col-sm-4 rooms-container \">\n\t\t\t\t\t<div class=\"text-center\">\n\t\t\t\t\t\t<a class=\"popup-with-move-anim\" href=\"#room-info\" data-url=\"https:\/\/www.bebvillacarrara.it\/de\/room\/bellavista\/\">\n\t\t\t\t\t\t\t<div class=\"image-container\"><img loading=\"lazy\" decoding=\"async\" width=\"640\" height=\"426\" src=\"https:\/\/www.bebvillacarrara.it\/wp-content\/uploads\/2018\/05\/D4B_2465-1-1024x682.jpg\" class=\"img-responsive wp-post-image\" alt=\"Bellavista\" srcset=\"https:\/\/www.bebvillacarrara.it\/wp-content\/uploads\/2018\/05\/D4B_2465-1-1024x682.jpg 1024w, https:\/\/www.bebvillacarrara.it\/wp-content\/uploads\/2018\/05\/D4B_2465-1-300x200.jpg 300w, https:\/\/www.bebvillacarrara.it\/wp-content\/uploads\/2018\/05\/D4B_2465-1-768x511.jpg 768w, https:\/\/www.bebvillacarrara.it\/wp-content\/uploads\/2018\/05\/D4B_2465-1.jpg 1200w\" sizes=\"auto, (max-width: 640px) 100vw, 640px\" \/><\/div>\n\t\t\t\t\t\t<\/a>\n\t\t\t\t\t\t<h4>Bellavista<\/h4>\n\t\t\t\t\t\t<div class=\"post-content\"><p>Bella Vista ist in einem modernen Stil mit Kleiderschrank, Schreibtisch, Smart-TV, kostenlosem WLAN und Klimaanlage mit einem kostenlosen Windsystem ausgestattet.<\/p>\n<\/div>\n\t                   \t<a class=\"button rml_bttn outline popup-with-move-anim\" href=\"#room-info\" data-id=\"657\" data-url=\"https:\/\/www.bebvillacarrara.it\/de\/room\/bellavista\/\">Details<\/a>\n\t\t\t\t\t<\/div>\n\t\t\t\t<\/div><div class=\"col-sm-4 rooms-container \">\n\t\t\t\t\t<div class=\"text-center\">\n\t\t\t\t\t\t<a class=\"popup-with-move-anim\" href=\"#room-info\" data-url=\"https:\/\/www.bebvillacarrara.it\/de\/room\/colombo\/\">\n\t\t\t\t\t\t\t<div class=\"image-container\"><img loading=\"lazy\" decoding=\"async\" width=\"640\" height=\"426\" src=\"https:\/\/www.bebvillacarrara.it\/wp-content\/uploads\/2018\/05\/D4B_2489-1-1024x682.jpg\" class=\"img-responsive wp-post-image\" alt=\"Colombo\" srcset=\"https:\/\/www.bebvillacarrara.it\/wp-content\/uploads\/2018\/05\/D4B_2489-1-1024x682.jpg 1024w, https:\/\/www.bebvillacarrara.it\/wp-content\/uploads\/2018\/05\/D4B_2489-1-300x200.jpg 300w, https:\/\/www.bebvillacarrara.it\/wp-content\/uploads\/2018\/05\/D4B_2489-1-768x511.jpg 768w, https:\/\/www.bebvillacarrara.it\/wp-content\/uploads\/2018\/05\/D4B_2489-1.jpg 1200w\" sizes=\"auto, (max-width: 640px) 100vw, 640px\" \/><\/div>\n\t\t\t\t\t\t<\/a>\n\t\t\t\t\t\t<h4>Colombo<\/h4>\n\t\t\t\t\t\t<div class=\"post-content\"><p>Das Zimmer ist in einem modernen Stil mit einem Kleiderschrank, einem Schreibtisch, einem Smart-TV, kostenfreiem WLAN und einer Klimaanlage mit einem kostenfreien Windsystem ausgestattet.<\/p>\n<\/div>\n\t                   \t<a class=\"button rml_bttn outline popup-with-move-anim\" href=\"#room-info\" data-id=\"654\" data-url=\"https:\/\/www.bebvillacarrara.it\/de\/room\/colombo\/\">Details<\/a>\n\t\t\t\t\t<\/div>\n\t\t\t\t<\/div><div class=\"col-sm-4 rooms-container \">\n\t\t\t\t\t<div class=\"text-center\">\n\t\t\t\t\t\t<a class=\"popup-with-move-anim\" href=\"#room-info\" data-url=\"https:\/\/www.bebvillacarrara.it\/de\/room\/posidonia\/\">\n\t\t\t\t\t\t\t<div class=\"image-container\"><img loading=\"lazy\" decoding=\"async\" width=\"640\" height=\"426\" src=\"https:\/\/www.bebvillacarrara.it\/wp-content\/uploads\/2018\/05\/D4B_2497-1-1024x682.jpg\" class=\"img-responsive wp-post-image\" alt=\"Posidonia\" srcset=\"https:\/\/www.bebvillacarrara.it\/wp-content\/uploads\/2018\/05\/D4B_2497-1-1024x682.jpg 1024w, https:\/\/www.bebvillacarrara.it\/wp-content\/uploads\/2018\/05\/D4B_2497-1-300x200.jpg 300w, https:\/\/www.bebvillacarrara.it\/wp-content\/uploads\/2018\/05\/D4B_2497-1-768x511.jpg 768w, https:\/\/www.bebvillacarrara.it\/wp-content\/uploads\/2018\/05\/D4B_2497-1.jpg 1200w\" sizes=\"auto, (max-width: 640px) 100vw, 640px\" \/><\/div>\n\t\t\t\t\t\t<\/a>\n\t\t\t\t\t\t<h4>Posidonia<\/h4>\n\t\t\t\t\t\t<div class=\"post-content\"><p>Posidonia ist in einem modernen Stil mit Kleiderschrank, Schreibtisch, Smart-TV, mit kostenlosem WLAN und Klimaanlage mit einem kostenlosen Windsystem ausgestattet.<\/p>\n<\/div>\n\t                   \t<a class=\"button rml_bttn outline popup-with-move-anim\" href=\"#room-info\" data-id=\"651\" data-url=\"https:\/\/www.bebvillacarrara.it\/de\/room\/posidonia\/\">Details<\/a>\n\t\t\t\t\t<\/div>\n\t\t\t\t<\/div><\/div><div id=\"room-info\" class=\"room-details-container zoom-anim-dialog mfp-hide\">\n\t\t\t<button title=\"Close (Esc)\" type=\"button\" class=\"mfp-close x-button \">x<\/button>\n\t\t\t<div class=\"loader\">Loading...<\/div>\n\t\t\t<div class=\" row content-wrapper\">\n\t\t\t\t<div class=\"col-md-8 content-left\"><\/div>\n\t\t\t\t<div class=\"col-md-4\">\n\t\t\t\t\t<div class=\"content-right\"><\/div>\n\t\t\t\t\t<div class=\"button outline mfp-close as-button\">Back<\/div>&nbsp; \n\t\t\t\t\t<div class=\"booking-button\"><\/div>\n\t\t\t\t<\/div>\n\t\t\t<\/div>\n\t\t<\/div>[\/vc_column][\/vc_row][vc_row full_width=&#8220;stretch_row&#8220; css=&#8220;.vc_custom_1511455344222{padding-top: 50px !important;padding-bottom: 60px !important;background-color: #f4f4f4 !important;}&#8220; el_id=&#8220;attrazioni-turistiche&#8220;][vc_column]<div class=\"section-heading text-center \">\n\t\t\t<p class=\"above-header\"><\/p>\n\t\t\t<h2>Attrazioni turistiche<\/h2><\/div>[vc_row_inner][vc_column_inner width=&#8220;1\/3&#8243;][vc_single_image image=&#8220;344&#8243; img_size=&#8220;full&#8220; alignment=&#8220;center&#8220;][vc_column_text]<\/p>\n<h4><span class=\"highlight\">ERCOLANO UND POMPEI <\/span><\/h4>\n<p>Die <strong>Ausgrabungen von Herculaneum und Pompeji<\/strong> befinden sich in der Provinz von Neapel und sind in der ganzen Welt als die einzigen arch\u00e4ologischen St\u00e4tten bekannt, die dem Besucher eine klare Beschreibung einer r\u00f6mischen Stadt geben. Die perfekte Erhaltung der <strong>Ausgrabungen von Herculaneum und Pompeji<\/strong> ist das Ergebnis der Art und Weise, in der sie begraben wurden. Tats\u00e4chlich haben die Tonnen Asche, Bimsstein und Lapilli eine Schicht von \u00fcber 6 Metern geschaffen, die das alte Zentrum vor dem Verfall bewahrt hat. Die Ausgrabungen von Pompeji und Herculaneum zu besuchen, ist wie zu 79 n. Chr. Zur\u00fcckzukehren.<\/p>\n<p>Im Laufe der Jahre wurden verschiedene Artefakte, Fresken, Mosaike, Statuen und Objekte verschiedener Art im <strong>Arch\u00e4ologischen Nationalmuseum von Neapel<\/strong> gefunden.<\/p>\n<p>&nbsp;[\/vc_column_text][\/vc_column_inner][vc_column_inner width=&#8220;1\/3&#8243;][vc_single_image image=&#8220;345&#8243; img_size=&#8220;full&#8220; alignment=&#8220;center&#8220;][vc_column_text]<\/p>\n<h4><span class=\"highlight\">NAPOLI<\/span><\/h4>\n<p>Neapel ist eine Stadt reich an Geschichte und architektonischen Sch\u00f6nheiten, ein wahres Freilichtmuseum. Zu den wichtigsten Orten geh\u00f6ren: das <strong>Maschio Angioino<\/strong> oder das <em>Castel Nuovo<\/em>, eine historische Burg aus dem Mittelalter und der Renaissance, Symbol der Stadt; <strong>Castel dell&#8217;Ovo<\/strong>, eines der \u00e4ltesten Schl\u00f6sser Neapels, erreicht man zu Fu\u00df entlang der<strong> Caracciolo K\u00fcste; Piazza del Plebiscito<\/strong> und der angrenzende <strong>Palazzo Reale<\/strong> aus dem 17. Jahrhundert; <strong>San Carlo Theater<\/strong> einer der renommiertesten der Welt und das <strong>Museum von Capodimonte<\/strong>. Im Herzen des historischen Zentrums von Neapel befindet sich auch das Museo Cappella Sansevero, das den <strong>Verschleierten Christus<\/strong> als eines der faszinierendsten Werke auf internationaler Ebene beherbergt. Schlie\u00dflich, wenn Sie die Stadt besuchen, k\u00f6nnen Sie die Tour im <strong>unterirdischen Neapel<\/strong>, dem versteckten Teil der Stadt, nicht aufgeben.[\/vc_column_text][\/vc_column_inner][vc_column_inner width=&#8220;1\/3&#8243;][vc_single_image image=&#8220;266&#8243; img_size=&#8220;full&#8220; alignment=&#8220;center&#8220;][vc_column_text]<\/p>\n<h4><span class=\"highlight\">K\u00dcNSTLERLICHT<\/span><\/h4>\n<p>Die ber\u00fchmte <a href=\"http:\/\/www.lucidartistasalerno.com\/\">Luci d&#8217;Artista<\/a> verwandelt die <strong>Stadt Salerno<\/strong> von November bis Januar in eine verzauberte Stadt, in der Sie die Magie von Weihnachten atmen k\u00f6nnen.<\/p>\n<p>Die Beleuchtung, der bezaubernde Baum in <strong>Portanova<\/strong>, der &#8222;verzauberte Garten&#8220; in der Villa Comunale, die Weihnachtsm\u00e4rkte am <strong>Lungomare Trieste<\/strong> und das Riesenrad machen Salerno zu einer romantischen Stadt voller Charme, die Touristen in der ganzen Welt zum Einsturz bringen kann Verliebt jedes Jahr.<\/p>\n<p>&nbsp;[\/vc_column_text][\/vc_column_inner][\/vc_row_inner][vc_row_inner][vc_column_inner width=&#8220;1\/3&#8243;][vc_single_image image=&#8220;268&#8243; img_size=&#8220;full&#8220; alignment=&#8220;center&#8220;][vc_column_text]<\/p>\n<h4><span class=\"highlight\">AMALFI K\u00dcSTE<\/span><\/h4>\n<p>Die Perle der K\u00fcste von Kampanien und Weltkulturerbe der <strong>Amalfik\u00fcste<\/strong> erstreckt sich von <strong>Vietri sul Mare bis nach Positano<\/strong>. Die K\u00fcste ist auf der ganzen Welt f\u00fcr ihre landschaftliche Sch\u00f6nheit und ihr kulturelles, architektonisches und gastronomisches Erbe bekannt. Unter den St\u00e4dten, die es ausmachen, erinnern wir uns: <strong>Amalfi<\/strong> mit der Kathedrale und dem Paradies-Kreuzgang; Cetara, ber\u00fchmt f\u00fcr das Gie\u00dfen von Sardellen; <strong>Conca dei Marini<\/strong> mit seiner Smaragdgrotte mit atemberaubender Sch\u00f6nheit; <strong>Ravello<\/strong> mit seinem Dom und der pr\u00e4chtigen Villa Cimbrone und Villa Rufolo und dem Oscar Niemeyer Auditorium. Die St\u00e4dte der K\u00fcste sind von Salerno aus leicht per Bus oder Schiff vom Hafen aus erreichbar.[\/vc_column_text][\/vc_column_inner][vc_column_inner width=&#8220;1\/3&#8243;][vc_single_image image=&#8220;269&#8243; img_size=&#8220;full&#8220; alignment=&#8220;center&#8220;][vc_column_text]<\/p>\n<h4><span class=\"highlight\">Inseln<\/span><\/h4>\n<p><strong>Capri und Ischia<\/strong> sind Teil des Kampanischen <strong>Archipels<\/strong>, auch &#8222;<strong>Isole Partenopee<\/strong>&#8220; genannt, zu dem f\u00fcnf Inseln geh\u00f6ren: <strong>Capri, Ischia, Procida, Vivara und Nisida<\/strong>. In der ganzen Welt ber\u00fchmt f\u00fcr ihre Sch\u00f6nheit, f\u00fcr ihre atemberaubenden Landschaften und f\u00fcr ihr historisches und kulturelles Erbe, sind sie vom <strong>Hafen von Salerno<\/strong> mit F\u00e4hren und Tragfl\u00fcgelboote, die von April bis Oktober aktiv sind, leicht erreichbar.<\/p>\n<p>.[\/vc_column_text][\/vc_column_inner][vc_column_inner width=&#8220;1\/3&#8243;][vc_single_image image=&#8220;272&#8243; img_size=&#8220;full&#8220; alignment=&#8220;center&#8220;][vc_column_text]<\/p>\n<h4><span class=\"highlight\">CILENTAN-K\u00dcSTE<\/span><\/h4>\n<p>Die <strong>K\u00fcste des Cilento<\/strong> erstreckt sich vom <strong>Golf von Salerno<\/strong> bis zum <strong>Golf von Policastro<\/strong>. Der K\u00fcstenstreifen zeichnet sich durch seine nat\u00fcrlichen Weiten, atemberaubende Landschaften und kristallklares Meer aus. So sehr, dass die Str\u00e4nde des Cilento jedes Jahr mit einer blauen Flagge ausgezeichnet werden (internationale Anerkennung, die den Badeorten verliehen wird, die die Kriterien der nachhaltigen Bewirtschaftung des Territoriums erf\u00fcllen). Klares Meer, H\u00f6hlen und Buchten zu erkunden, ist der Cilento die ideale H\u00e4lfte f\u00fcr diejenigen, die in der Natur entspannen wollen.<\/p>\n<p>Der Cilento ist nicht nur Meer, sondern auch Tradition und Kultur. Sie k\u00f6nnen viele D\u00f6rfer mit einer magischen Atmosph\u00e4re entdecken, wo Sie beliebte Traditionen und Speisen und Weine entdecken k\u00f6nnen.<\/p>\n<p>Die attraktivsten Orte der Cilento-K\u00fcste sind: <strong>Castellabate, Agropoli; Palinuro, Acciaroli, Marina von Camerota, Scavi di Velia und Paestum.<\/strong><\/p>\n<p>&nbsp;[\/vc_column_text][\/vc_column_inner][\/vc_row_inner][\/vc_column][\/vc_row][vc_row full_width=&#8220;stretch_row&#8220; css=&#8220;.vc_custom_1511454378983{padding-top: 50px !important;padding-bottom: 80px !important;background-color: #f4f4f4 !important;}&#8220; el_id=&#8220;contatti&#8220;][vc_column]<div class=\"section-heading text-center \" style=\" padding-bottom: 10px; \">\n\t\t\t<p class=\"above-header\">Contatti<\/p>\n\t\t\t<h2>Contatti e Posizione<\/h2><p>Compila il form per metterti in contatto con noi:<\/p><\/div>[vc_row_inner el_class=&#8220;text-center&#8220; css=&#8220;.vc_custom_1502181078564{padding-bottom: 30px !important;}&#8220;][vc_column_inner]<p class=\"contact-info text-center\"><i class=\"fa fa-map-marker\"><\/i><span>Via Posidonia 164, scala B1 5\u00b0 piano, Salerno<\/span>\n\t\t<\/p><p class=\"contact-info text-center\"><i class=\"fa fa-phone\"><\/i><span>+39 340 9001065<\/span>\n\t\t<\/p><p class=\"contact-info text-center\"><i class=\"fa fa-envelope-o\"><\/i>\n\t\t\t        \t<a href=\"#\" title=\"\" target=\"_top\">info@bebvillacarrara.it<\/a><\/p>[\/vc_column_inner][\/vc_row_inner][vc_row_inner][vc_column_inner width=&#8220;1\/2&#8243;][vc_gmaps link=&#8220;#E-8_JTNDaWZyYW1lJTIwc3JjJTNEJTIyaHR0cHMlM0ElMkYlMkZ3d3cuZ29vZ2xlLmNvbSUyRm1hcHMlMkZlbWJlZCUzRnBiJTNEJTIxMW0xOCUyMTFtMTIlMjExbTMlMjExZDEyMTA1LjIxMTY4NTY5NDAzNiUyMTJkMTQuNzg0NjE1OTkxNzg2Mjk4JTIxM2Q0MC42NjcyOTQwNDUyMjE5JTIxMm0zJTIxMWYwJTIxMmYwJTIxM2YwJTIxM20yJTIxMWkxMDI0JTIxMmk3NjglMjE0ZjEzLjElMjEzbTMlMjExbTIlMjExczB4MTMzYmMyNWUxMGZkNjFiOSUyNTNBMHgxMzFiOTAzN2Y5ZDg4N2Q4JTIxMnNCJTJCJTI1MjYlMkJCJTJCVmlsbGElMkJDYXJyYXJhJTIxNWUwJTIxM20yJTIxMXNpdCUyMTJzaXQlMjE0djE1MTU2NzMyNDk0NjAlMjIlMjB3aWR0aCUzRCUyMjEwMCUyNSUyMiUyMGhlaWdodCUzRCUyMjQ1MCUyMiUyMGZyYW1lYm9yZGVyJTNEJTIyMCUyMiUyMHN0eWxlJTNEJTIyYm9yZGVyJTNBMCUyMiUyMGFsbG93ZnVsbHNjcmVlbiUzRSUzQyUyRmlmcmFtZSUzRQ==&#8220; size=&#8220;362&#8243; css=&#8220;.vc_custom_1515673272425{margin-bottom: 0px !important;}&#8220;][\/vc_column_inner][vc_column_inner width=&#8220;1\/2&#8243;]<div class=\"contact\">\n<div class=\"wpcf7 no-js\" id=\"wpcf7-f537-o1\" lang=\"en-US\" dir=\"ltr\" data-wpcf7-id=\"537\">\n<div class=\"screen-reader-response\"><p role=\"status\" aria-live=\"polite\" aria-atomic=\"true\"><\/p> <ul><\/ul><\/div>\n<form action=\"\/de\/wp-json\/wp\/v2\/pages\/637#wpcf7-f537-o1\" method=\"post\" class=\"wpcf7-form init\" aria-label=\"Contact form\" novalidate=\"novalidate\" data-status=\"init\">\n<fieldset class=\"hidden-fields-container\"><input type=\"hidden\" name=\"_wpcf7\" value=\"537\" \/><input type=\"hidden\" name=\"_wpcf7_version\" value=\"6.1.6\" \/><input type=\"hidden\" name=\"_wpcf7_locale\" value=\"en_US\" \/><input type=\"hidden\" name=\"_wpcf7_unit_tag\" value=\"wpcf7-f537-o1\" \/><input type=\"hidden\" name=\"_wpcf7_container_post\" value=\"0\" \/><input type=\"hidden\" name=\"_wpcf7_posted_data_hash\" value=\"\" \/><input type=\"hidden\" name=\"_wpcf7_recaptcha_response\" value=\"\" \/>\n<\/fieldset>\n<div class=\"form-group\">\n\t<p><span class=\"wpcf7-form-control-wrap\" data-name=\"Complete-Name\"><input size=\"40\" maxlength=\"400\" class=\"wpcf7-form-control wpcf7-text wpcf7-validates-as-required\" aria-required=\"true\" aria-invalid=\"false\" placeholder=\"Name\" value=\"\" type=\"text\" name=\"Complete-Name\" \/><\/span>\n\t<\/p>\n<\/div>\n<div class=\"form-group\">\n\t<p><span class=\"wpcf7-form-control-wrap\" data-name=\"Phone\"><input size=\"40\" maxlength=\"400\" class=\"wpcf7-form-control wpcf7-tel wpcf7-validates-as-required wpcf7-text wpcf7-validates-as-tel\" aria-required=\"true\" aria-invalid=\"false\" placeholder=\"Telefon\" value=\"\" type=\"tel\" name=\"Phone\" \/><\/span>\n\t<\/p>\n<\/div>\n<div class=\"form-group\">\n\t<p><span class=\"wpcf7-form-control-wrap\" data-name=\"Email\"><input size=\"40\" maxlength=\"400\" class=\"wpcf7-form-control wpcf7-email wpcf7-validates-as-required wpcf7-text wpcf7-validates-as-email\" aria-required=\"true\" aria-invalid=\"false\" placeholder=\"Email\" value=\"\" type=\"email\" name=\"Email\" \/><\/span>\n\t<\/p>\n<\/div>\n<div class=\"form-group\">\n\t<p><span class=\"wpcf7-form-control-wrap\" data-name=\"Message\"><textarea cols=\"40\" rows=\"10\" maxlength=\"2000\" class=\"wpcf7-form-control wpcf7-textarea wpcf7-validates-as-required\" aria-required=\"true\" aria-invalid=\"false\" placeholder=\"Nachricht\" name=\"Message\"><\/textarea><\/span>\n\t<\/p>\n<\/div>\n<p><span class=\"wpcf7-form-control-wrap\" data-name=\"privacypolicy\"><span class=\"wpcf7-form-control wpcf7-acceptance\"><span class=\"wpcf7-list-item\"><label><input type=\"checkbox\" name=\"privacypolicy\" value=\"1\" aria-invalid=\"false\" \/><span class=\"wpcf7-list-item-label\">Presto il consenso al trattamento dei dati inseriti nel form (obbligatorio). Per maggiori info consulta la <a href=\"\/privacy-policy\/\">privacy policy del sito<\/a><\/span><\/label><\/span><\/span><\/span>\n<\/p>\n<div class=\"form-group\">\n\t<p><input class=\"wpcf7-form-control wpcf7-submit has-spinner\" type=\"submit\" value=\"Senden\" \/>\n\t<\/p>\n<\/div><div class=\"wpcf7-response-output\" aria-hidden=\"true\"><\/div>\n<\/form>\n<\/div>\n<\/div>[\/vc_column_inner][\/vc_row_inner][\/vc_column][\/vc_row]<\/p>\n<\/div>","protected":false},"excerpt":{"rendered":"<p>[vc_row full_width=&#8220;stretch_row_content_no_spaces&#8220; el_id=&#8220;header&#8220;][vc_column offset=&#8220;vc_hidden-md vc_hidden-sm vc_hidden-xs&#8220;][\/vc_column][\/vc_row][vc_row full_width=&#8220;stretch_row_content_no_spaces&#8220; css=&#8220;.vc_custom_1515670121084{padding-bottom: 100px !important;}&#8220;][vc_column offset=&#8220;vc_hidden-lg&#8220;][vc_single_image image=&#8220;329&#8243; img_size=&#8220;full&#8220; alignment=&#8220;center&#8220;][vc_empty_space height=&#8220;15px&#8220;][vc_column_text] Buchen [\/vc_column_text][\/vc_column][\/vc_row][vc_row full_width=&#8220;stretch_row&#8220; parallax=&#8220;content-moving&#8220; css=&#8220;.vc_custom_1512735758954{padding-top: 50px !important;padding-bottom: 90px !important;background-color: #f4f4f4 !important;}&#8220; el_id=&#8220;chi-siamo&#8220;][vc_column][vc_row_inner][vc_column_inner width=&#8220;1\/6&#8243;][\/vc_column_inner][vc_column_inner width=&#8220;2\/3&#8243;][vc_column_text] Das erst k\u00fcrzlich er\u00f6ffnete Villa Carrara B &amp; B in der Via Posidonia 164 im Stadtteil Pastena von Salerno besticht durch seine beneidenswerte Lage nur wenige [&hellip;]<\/p>\n","protected":false},"author":1,"featured_media":0,"parent":0,"menu_order":0,"comment_status":"closed","ping_status":"closed","template":"template-vc-blank.php","meta":{"footnotes":""},"class_list":["post-637","page","type-page","status-publish","hentry"],"yoast_head":"<!-- This site is optimized with the Yoast SEO plugin v28.0 - https:\/\/yoast.com\/product\/yoast-seo-wordpress\/ -->\n<title>B&amp;b Villa Carrara Bed &amp; Breakfast Salerno<\/title>\n<meta name=\"robots\" content=\"index, follow, max-snippet:-1, max-image-preview:large, max-video-preview:-1\" \/>\n<link rel=\"canonical\" href=\"https:\/\/www.bebvillacarrara.it\/de\/home\/\" \/>\n<meta property=\"og:locale\" content=\"de_DE\" \/>\n<meta property=\"og:type\" content=\"article\" \/>\n<meta property=\"og:title\" content=\"B&amp;b Villa Carrara Bed &amp; Breakfast Salerno\" \/>\n<meta property=\"og:description\" content=\"[vc_row full_width=&#8220;stretch_row_content_no_spaces&#8220; el_id=&#8220;header&#8220;][vc_column offset=&#8220;vc_hidden-md vc_hidden-sm vc_hidden-xs&#8220;][\/vc_column][\/vc_row][vc_row full_width=&#8220;stretch_row_content_no_spaces&#8220; css=&#8220;.vc_custom_1515670121084{padding-bottom: 100px !important;}&#8220;][vc_column offset=&#8220;vc_hidden-lg&#8220;][vc_single_image image=&#8220;329&#8243; img_size=&#8220;full&#8220; alignment=&#8220;center&#8220;][vc_empty_space height=&#8220;15px&#8220;][vc_column_text] Buchen [\/vc_column_text][\/vc_column][\/vc_row][vc_row full_width=&#8220;stretch_row&#8220; parallax=&#8220;content-moving&#8220; css=&#8220;.vc_custom_1512735758954{padding-top: 50px !important;padding-bottom: 90px !important;background-color: #f4f4f4 !important;}&#8220; el_id=&#8220;chi-siamo&#8220;][vc_column][vc_row_inner][vc_column_inner width=&#8220;1\/6&#8243;][\/vc_column_inner][vc_column_inner width=&#8220;2\/3&#8243;][vc_column_text] Das erst k\u00fcrzlich er\u00f6ffnete Villa Carrara B &amp; B in der Via Posidonia 164 im Stadtteil Pastena von Salerno besticht durch seine beneidenswerte Lage nur wenige [&hellip;]\" \/>\n<meta property=\"og:url\" content=\"https:\/\/www.bebvillacarrara.it\/de\/home\/\" \/>\n<meta property=\"og:site_name\" content=\"B&amp;b - Villa Carrara\" \/>\n<meta property=\"article:modified_time\" content=\"2022-12-29T15:05:25+00:00\" \/>\n<meta name=\"twitter:card\" content=\"summary_large_image\" \/>\n<meta name=\"twitter:label1\" content=\"Gesch\u00e4tzte Lesezeit\" \/>\n\t<meta name=\"twitter:data1\" content=\"8\u00a0Minuten\" \/>\n<script type=\"application\/ld+json\" class=\"yoast-schema-graph\">{\"@context\":\"https:\\\/\\\/schema.org\",\"@graph\":[{\"@type\":\"WebPage\",\"@id\":\"https:\\\/\\\/www.bebvillacarrara.it\\\/de\\\/home\\\/\",\"url\":\"https:\\\/\\\/www.bebvillacarrara.it\\\/de\\\/home\\\/\",\"name\":\"B&b Villa Carrara Bed & Breakfast Salerno\",\"isPartOf\":{\"@id\":\"https:\\\/\\\/www.bebvillacarrara.it\\\/#website\"},\"datePublished\":\"2018-05-09T11:07:23+00:00\",\"dateModified\":\"2022-12-29T15:05:25+00:00\",\"breadcrumb\":{\"@id\":\"https:\\\/\\\/www.bebvillacarrara.it\\\/de\\\/home\\\/#breadcrumb\"},\"inLanguage\":\"de\",\"potentialAction\":[{\"@type\":\"ReadAction\",\"target\":[\"https:\\\/\\\/www.bebvillacarrara.it\\\/de\\\/home\\\/\"]}]},{\"@type\":\"BreadcrumbList\",\"@id\":\"https:\\\/\\\/www.bebvillacarrara.it\\\/de\\\/home\\\/#breadcrumb\",\"itemListElement\":[{\"@type\":\"ListItem\",\"position\":1,\"name\":\"Home\",\"item\":\"https:\\\/\\\/www.bebvillacarrara.it\\\/de\\\/home\\\/\"},{\"@type\":\"ListItem\",\"position\":2,\"name\":\"Home\"}]},{\"@type\":\"WebSite\",\"@id\":\"https:\\\/\\\/www.bebvillacarrara.it\\\/#website\",\"url\":\"https:\\\/\\\/www.bebvillacarrara.it\\\/\",\"name\":\"B&b - Villa Carrara\",\"description\":\"B&amp;b Villa Carrara Bed and Breakfast Salerno\",\"publisher\":{\"@id\":\"https:\\\/\\\/www.bebvillacarrara.it\\\/#organization\"},\"potentialAction\":[{\"@type\":\"SearchAction\",\"target\":{\"@type\":\"EntryPoint\",\"urlTemplate\":\"https:\\\/\\\/www.bebvillacarrara.it\\\/?s={search_term_string}\"},\"query-input\":{\"@type\":\"PropertyValueSpecification\",\"valueRequired\":true,\"valueName\":\"search_term_string\"}}],\"inLanguage\":\"de\"},{\"@type\":\"Organization\",\"@id\":\"https:\\\/\\\/www.bebvillacarrara.it\\\/#organization\",\"name\":\"B&b - Villa Carrara\",\"url\":\"https:\\\/\\\/www.bebvillacarrara.it\\\/\",\"logo\":{\"@type\":\"ImageObject\",\"inLanguage\":\"de\",\"@id\":\"https:\\\/\\\/www.bebvillacarrara.it\\\/#\\\/schema\\\/logo\\\/image\\\/\",\"url\":\"https:\\\/\\\/www.bebvillacarrara.it\\\/wp-content\\\/uploads\\\/2017\\\/12\\\/logo.jpg\",\"contentUrl\":\"https:\\\/\\\/www.bebvillacarrara.it\\\/wp-content\\\/uploads\\\/2017\\\/12\\\/logo.jpg\",\"width\":153,\"height\":128,\"caption\":\"B&b - Villa Carrara\"},\"image\":{\"@id\":\"https:\\\/\\\/www.bebvillacarrara.it\\\/#\\\/schema\\\/logo\\\/image\\\/\"}}]}<\/script>\n<!-- \/ Yoast SEO plugin. -->","yoast_head_json":{"title":"B&b Villa Carrara Bed & Breakfast Salerno","robots":{"index":"index","follow":"follow","max-snippet":"max-snippet:-1","max-image-preview":"max-image-preview:large","max-video-preview":"max-video-preview:-1"},"canonical":"https:\/\/www.bebvillacarrara.it\/de\/home\/","og_locale":"de_DE","og_type":"article","og_title":"B&b Villa Carrara Bed & Breakfast Salerno","og_description":"[vc_row full_width=&#8220;stretch_row_content_no_spaces&#8220; el_id=&#8220;header&#8220;][vc_column offset=&#8220;vc_hidden-md vc_hidden-sm vc_hidden-xs&#8220;][\/vc_column][\/vc_row][vc_row full_width=&#8220;stretch_row_content_no_spaces&#8220; css=&#8220;.vc_custom_1515670121084{padding-bottom: 100px !important;}&#8220;][vc_column offset=&#8220;vc_hidden-lg&#8220;][vc_single_image image=&#8220;329&#8243; img_size=&#8220;full&#8220; alignment=&#8220;center&#8220;][vc_empty_space height=&#8220;15px&#8220;][vc_column_text] Buchen [\/vc_column_text][\/vc_column][\/vc_row][vc_row full_width=&#8220;stretch_row&#8220; parallax=&#8220;content-moving&#8220; css=&#8220;.vc_custom_1512735758954{padding-top: 50px !important;padding-bottom: 90px !important;background-color: #f4f4f4 !important;}&#8220; el_id=&#8220;chi-siamo&#8220;][vc_column][vc_row_inner][vc_column_inner width=&#8220;1\/6&#8243;][\/vc_column_inner][vc_column_inner width=&#8220;2\/3&#8243;][vc_column_text] Das erst k\u00fcrzlich er\u00f6ffnete Villa Carrara B &amp; B in der Via Posidonia 164 im Stadtteil Pastena von Salerno besticht durch seine beneidenswerte Lage nur wenige [&hellip;]","og_url":"https:\/\/www.bebvillacarrara.it\/de\/home\/","og_site_name":"B&amp;b - Villa Carrara","article_modified_time":"2022-12-29T15:05:25+00:00","twitter_card":"summary_large_image","twitter_misc":{"Gesch\u00e4tzte Lesezeit":"8\u00a0Minuten"},"schema":{"@context":"https:\/\/schema.org","@graph":[{"@type":"WebPage","@id":"https:\/\/www.bebvillacarrara.it\/de\/home\/","url":"https:\/\/www.bebvillacarrara.it\/de\/home\/","name":"B&b Villa Carrara Bed & Breakfast Salerno","isPartOf":{"@id":"https:\/\/www.bebvillacarrara.it\/#website"},"datePublished":"2018-05-09T11:07:23+00:00","dateModified":"2022-12-29T15:05:25+00:00","breadcrumb":{"@id":"https:\/\/www.bebvillacarrara.it\/de\/home\/#breadcrumb"},"inLanguage":"de","potentialAction":[{"@type":"ReadAction","target":["https:\/\/www.bebvillacarrara.it\/de\/home\/"]}]},{"@type":"BreadcrumbList","@id":"https:\/\/www.bebvillacarrara.it\/de\/home\/#breadcrumb","itemListElement":[{"@type":"ListItem","position":1,"name":"Home","item":"https:\/\/www.bebvillacarrara.it\/de\/home\/"},{"@type":"ListItem","position":2,"name":"Home"}]},{"@type":"WebSite","@id":"https:\/\/www.bebvillacarrara.it\/#website","url":"https:\/\/www.bebvillacarrara.it\/","name":"B&b - Villa Carrara","description":"B&amp;b Villa Carrara Bed and Breakfast Salerno","publisher":{"@id":"https:\/\/www.bebvillacarrara.it\/#organization"},"potentialAction":[{"@type":"SearchAction","target":{"@type":"EntryPoint","urlTemplate":"https:\/\/www.bebvillacarrara.it\/?s={search_term_string}"},"query-input":{"@type":"PropertyValueSpecification","valueRequired":true,"valueName":"search_term_string"}}],"inLanguage":"de"},{"@type":"Organization","@id":"https:\/\/www.bebvillacarrara.it\/#organization","name":"B&b - Villa Carrara","url":"https:\/\/www.bebvillacarrara.it\/","logo":{"@type":"ImageObject","inLanguage":"de","@id":"https:\/\/www.bebvillacarrara.it\/#\/schema\/logo\/image\/","url":"https:\/\/www.bebvillacarrara.it\/wp-content\/uploads\/2017\/12\/logo.jpg","contentUrl":"https:\/\/www.bebvillacarrara.it\/wp-content\/uploads\/2017\/12\/logo.jpg","width":153,"height":128,"caption":"B&b - Villa Carrara"},"image":{"@id":"https:\/\/www.bebvillacarrara.it\/#\/schema\/logo\/image\/"}}]}},"_links":{"self":[{"href":"https:\/\/www.bebvillacarrara.it\/de\/wp-json\/wp\/v2\/pages\/637","targetHints":{"allow":["GET"]}}],"collection":[{"href":"https:\/\/www.bebvillacarrara.it\/de\/wp-json\/wp\/v2\/pages"}],"about":[{"href":"https:\/\/www.bebvillacarrara.it\/de\/wp-json\/wp\/v2\/types\/page"}],"author":[{"embeddable":true,"href":"https:\/\/www.bebvillacarrara.it\/de\/wp-json\/wp\/v2\/users\/1"}],"replies":[{"embeddable":true,"href":"https:\/\/www.bebvillacarrara.it\/de\/wp-json\/wp\/v2\/comments?post=637"}],"version-history":[{"count":29,"href":"https:\/\/www.bebvillacarrara.it\/de\/wp-json\/wp\/v2\/pages\/637\/revisions"}],"predecessor-version":[{"id":3484,"href":"https:\/\/www.bebvillacarrara.it\/de\/wp-json\/wp\/v2\/pages\/637\/revisions\/3484"}],"wp:attachment":[{"href":"https:\/\/www.bebvillacarrara.it\/de\/wp-json\/wp\/v2\/media?parent=637"}],"curies":[{"name":"wp","href":"https:\/\/api.w.org\/{rel}","templated":true}]}}